{"id":8814,"date":"2021-10-09T16:57:04","date_gmt":"2021-10-09T14:57:04","guid":{"rendered":"http:\/\/motoclub-glenac.com\/?page_id=8814"},"modified":"2021-10-15T10:07:41","modified_gmt":"2021-10-15T08:07:41","slug":"france-250-et-450","status":"publish","type":"page","link":"http:\/\/motoclub-glenac.com\/?page_id=8814","title":{"rendered":"France 250 et 450"},"content":{"rendered":"<p>[et_pb_section fb_built=\u00a0\u00bb1&Prime; admin_label=\u00a0\u00bbPage Title Section\u00a0\u00bb _builder_version=\u00a0\u00bb4.9.1&Prime; use_background_color_gradient=\u00a0\u00bbon\u00a0\u00bb background_color_gradient_start=\u00a0\u00bb#000000&Prime; background_color_gradient_end=\u00a0\u00bbrgba(0,0,0,0)\u00a0\u00bb background_color_gradient_overlays_image=\u00a0\u00bbon\u00a0\u00bb background_image=\u00a0\u00bbhttp:\/\/motoclub-glenac.com\/wp-content\/uploads\/2021\/10\/vlcsnap-2021-10-09-18h26m07s387.png\u00a0\u00bb custom_padding=\u00a0\u00bb110px||0px|\u00a0\u00bb locked=\u00a0\u00bboff\u00a0\u00bb][et_pb_row column_structure=\u00a0\u00bb3_4,1_4&Prime; _builder_version=\u00a0\u00bb4.3.2&Prime; background_size=\u00a0\u00bbinitial\u00a0\u00bb background_position=\u00a0\u00bbtop_left\u00a0\u00bb background_repeat=\u00a0\u00bbrepeat\u00a0\u00bb width=\u00a0\u00bb100%\u00a0\u00bb max_width=\u00a0\u00bb1320px\u00a0\u00bb custom_padding=\u00a0\u00bb49px|0px|0px|0px||\u00a0\u00bb][et_pb_column type=\u00a0\u00bb3_4&Prime; _builder_version=\u00a0\u00bb3.25&Prime; custom_padding=\u00a0\u00bb|||\u00a0\u00bb custom_padding__hover=\u00a0\u00bb|||\u00a0\u00bb][et_pb_text admin_label=\u00a0\u00bbTitle\u00a0\u00bb _builder_version=\u00a0\u00bb4.9.1&Prime; text_font=\u00a0\u00bb||||||||\u00a0\u00bb header_font=\u00a0\u00bbPoppins|600|||||||\u00a0\u00bb header_font_size=\u00a0\u00bb60px\u00a0\u00bb header_line_height=\u00a0\u00bb1.2em\u00a0\u00bb header_2_font=\u00a0\u00bb||||||||\u00a0\u00bb header_2_font_size=\u00a0\u00bb60px\u00a0\u00bb background_layout=\u00a0\u00bbdark\u00a0\u00bb custom_margin=\u00a0\u00bb||20px|100px|false|false\u00a0\u00bb custom_padding=\u00a0\u00bb|||\u00a0\u00bb animation_style=\u00a0\u00bbfade\u00a0\u00bb header_font_size_tablet=\u00a0\u00bb\u00a0\u00bb header_font_size_phone=\u00a0\u00bb40px\u00a0\u00bb header_font_size_last_edited=\u00a0\u00bbon|phone\u00a0\u00bb]<\/p>\n<h1>29 ao\u00fbt 2021<span style=\"font-size: medium;\"> <\/span><span style=\"font-size: medium;\"><\/span><\/h1>\n<p>21 et 22 \u00e8me Championnat de France sur le circuit de Branf\u00e9r\u00e9 \u00e0 Gl\u00e9nac<\/p>\n<p>[\/et_pb_text][\/et_pb_column][et_pb_column type=\u00a0\u00bb1_4&Prime; _builder_version=\u00a0\u00bb4.3.2&Prime;][et_pb_slider show_arrows=\u00a0\u00bboff\u00a0\u00bb show_pagination=\u00a0\u00bboff\u00a0\u00bb show_content_on_mobile=\u00a0\u00bboff\u00a0\u00bb show_image_video_mobile=\u00a0\u00bbon\u00a0\u00bb _builder_version=\u00a0\u00bb4.3.2&Prime; header_font=\u00a0\u00bb|300|||||||\u00a0\u00bb body_font=\u00a0\u00bbPoppins||on||||||\u00a0\u00bb body_font_size=\u00a0\u00bb24px\u00a0\u00bb body_line_height=\u00a0\u00bb1.8em\u00a0\u00bb background_color=\u00a0\u00bbrgba(40,38,36,0)\u00a0\u00bb width=\u00a0\u00bb69%\u00a0\u00bb module_alignment=\u00a0\u00bbcenter\u00a0\u00bb min_height=\u00a0\u00bb228px\u00a0\u00bb custom_margin=\u00a0\u00bb0px|||0px|false|false\u00a0\u00bb custom_padding=\u00a0\u00bb0px||0px|0px|false|false\u00a0\u00bb auto=\u00a0\u00bbon\u00a0\u00bb auto_speed=\u00a0\u00bb5000&Prime; auto_ignore_hover=\u00a0\u00bbon\u00a0\u00bb show_inner_shadow=\u00a0\u00bboff\u00a0\u00bb locked=\u00a0\u00bboff\u00a0\u00bb button_text_size__hover_enabled=\u00a0\u00bboff\u00a0\u00bb button_one_text_size__hover_enabled=\u00a0\u00bboff\u00a0\u00bb button_two_text_size__hover_enabled=\u00a0\u00bboff\u00a0\u00bb button_text_color__hover_enabled=\u00a0\u00bboff\u00a0\u00bb button_one_text_color__hover_enabled=\u00a0\u00bboff\u00a0\u00bb button_two_text_color__hover_enabled=\u00a0\u00bboff\u00a0\u00bb button_border_width__hover_enabled=\u00a0\u00bboff\u00a0\u00bb button_one_border_width__hover_enabled=\u00a0\u00bboff\u00a0\u00bb button_two_border_width__hover_enabled=\u00a0\u00bboff\u00a0\u00bb button_border_color__hover_enabled=\u00a0\u00bboff\u00a0\u00bb button_one_border_color__hover_enabled=\u00a0\u00bboff\u00a0\u00bb button_two_border_color__hover_enabled=\u00a0\u00bboff\u00a0\u00bb button_border_radius__hover_enabled=\u00a0\u00bboff\u00a0\u00bb button_one_border_radius__hover_enabled=\u00a0\u00bboff\u00a0\u00bb button_two_border_radius__hover_enabled=\u00a0\u00bboff\u00a0\u00bb button_letter_spacing__hover_enabled=\u00a0\u00bboff\u00a0\u00bb button_one_letter_spacing__hover_enabled=\u00a0\u00bboff\u00a0\u00bb button_two_letter_spacing__hover_enabled=\u00a0\u00bboff\u00a0\u00bb button_bg_color__hover_enabled=\u00a0\u00bboff\u00a0\u00bb button_one_bg_color__hover_enabled=\u00a0\u00bboff\u00a0\u00bb button_two_bg_color__hover_enabled=\u00a0\u00bboff\u00a0\u00bb][et_pb_slide image=\u00a0\u00bbhttp:\/\/motoclub-glenac.com\/wp-content\/uploads\/2020\/04\/GUEHENNEUX-PH-80&#215;100-1.png\u00a0\u00bb admin_title=\u00a0\u00bbGu\u00e9h\u00e9neux \u00a0\u00bb _builder_version=\u00a0\u00bb4.3.2&Prime; link_option_url=\u00a0\u00bb^http:\/\/www.menuiserie-jr.com\/\u00a0\u00bb locked=\u00a0\u00bboff\u00a0\u00bb button_text_size__hover_enabled=\u00a0\u00bboff\u00a0\u00bb button_one_text_size__hover_enabled=\u00a0\u00bboff\u00a0\u00bb button_two_text_size__hover_enabled=\u00a0\u00bboff\u00a0\u00bb button_text_color__hover_enabled=\u00a0\u00bboff\u00a0\u00bb button_one_text_color__hover_enabled=\u00a0\u00bboff\u00a0\u00bb button_two_text_color__hover_enabled=\u00a0\u00bboff\u00a0\u00bb button_border_width__hover_enabled=\u00a0\u00bboff\u00a0\u00bb button_one_border_width__hover_enabled=\u00a0\u00bboff\u00a0\u00bb button_two_border_width__hover_enabled=\u00a0\u00bboff\u00a0\u00bb button_border_color__hover_enabled=\u00a0\u00bboff\u00a0\u00bb button_one_border_color__hover_enabled=\u00a0\u00bboff\u00a0\u00bb button_two_border_color__hover_enabled=\u00a0\u00bboff\u00a0\u00bb button_border_radius__hover_enabled=\u00a0\u00bboff\u00a0\u00bb button_one_border_radius__hover_enabled=\u00a0\u00bboff\u00a0\u00bb button_two_border_radius__hover_enabled=\u00a0\u00bboff\u00a0\u00bb button_letter_spacing__hover_enabled=\u00a0\u00bboff\u00a0\u00bb button_one_letter_spacing__hover_enabled=\u00a0\u00bboff\u00a0\u00bb button_two_letter_spacing__hover_enabled=\u00a0\u00bboff\u00a0\u00bb button_bg_color__hover_enabled=\u00a0\u00bboff\u00a0\u00bb button_one_bg_color__hover_enabled=\u00a0\u00bboff\u00a0\u00bb button_two_bg_color__hover_enabled=\u00a0\u00bboff\u00a0\u00bb sticky_transition=\u00a0\u00bbon\u00a0\u00bb][\/et_pb_slide][et_pb_slide image=\u00a0\u00bbhttp:\/\/motoclub-glenac.com\/wp-content\/uploads\/2020\/04\/taxis-de-laff.png\u00a0\u00bb admin_title=\u00a0\u00bbTaxis de l&rsquo;Aff\u00a0\u00bb _builder_version=\u00a0\u00bb4.3.2&Prime; link_option_url=\u00a0\u00bbhttps:\/\/www.taxisdelaff.fr\/\u00a0\u00bb locked=\u00a0\u00bboff\u00a0\u00bb button_text_size__hover_enabled=\u00a0\u00bboff\u00a0\u00bb button_one_text_size__hover_enabled=\u00a0\u00bboff\u00a0\u00bb button_two_text_size__hover_enabled=\u00a0\u00bboff\u00a0\u00bb button_text_color__hover_enabled=\u00a0\u00bboff\u00a0\u00bb button_one_text_color__hover_enabled=\u00a0\u00bboff\u00a0\u00bb button_two_text_color__hover_enabled=\u00a0\u00bboff\u00a0\u00bb button_border_width__hover_enabled=\u00a0\u00bboff\u00a0\u00bb button_one_border_width__hover_enabled=\u00a0\u00bboff\u00a0\u00bb button_two_border_width__hover_enabled=\u00a0\u00bboff\u00a0\u00bb button_border_color__hover_enabled=\u00a0\u00bboff\u00a0\u00bb button_one_border_color__hover_enabled=\u00a0\u00bboff\u00a0\u00bb button_two_border_color__hover_enabled=\u00a0\u00bboff\u00a0\u00bb button_border_radius__hover_enabled=\u00a0\u00bboff\u00a0\u00bb button_one_border_radius__hover_enabled=\u00a0\u00bboff\u00a0\u00bb button_two_border_radius__hover_enabled=\u00a0\u00bboff\u00a0\u00bb button_letter_spacing__hover_enabled=\u00a0\u00bboff\u00a0\u00bb button_one_letter_spacing__hover_enabled=\u00a0\u00bboff\u00a0\u00bb button_two_letter_spacing__hover_enabled=\u00a0\u00bboff\u00a0\u00bb button_bg_color__hover_enabled=\u00a0\u00bboff\u00a0\u00bb button_one_bg_color__hover_enabled=\u00a0\u00bboff\u00a0\u00bb button_two_bg_color__hover_enabled=\u00a0\u00bboff\u00a0\u00bb sticky_transition=\u00a0\u00bbon\u00a0\u00bb][\/et_pb_slide][et_pb_slide image=\u00a0\u00bbhttp:\/\/motoclub-glenac.com\/wp-content\/uploads\/2020\/04\/Tartines-et-Bouchons-100&#215;100-1.png\u00a0\u00bb admin_title=\u00a0\u00bbTartines et Bouchons\u00a0\u00bb _builder_version=\u00a0\u00bb4.3.2&Prime; link_option_url=\u00a0\u00bbhttps:\/\/www.facebook.com\/Tartine-et-Bouchons-restaurant-atypique-164356813606709\/\u00a0\u00bb locked=\u00a0\u00bboff\u00a0\u00bb button_text_size__hover_enabled=\u00a0\u00bboff\u00a0\u00bb button_one_text_size__hover_enabled=\u00a0\u00bboff\u00a0\u00bb button_two_text_size__hover_enabled=\u00a0\u00bboff\u00a0\u00bb button_text_color__hover_enabled=\u00a0\u00bboff\u00a0\u00bb button_one_text_color__hover_enabled=\u00a0\u00bboff\u00a0\u00bb button_two_text_color__hover_enabled=\u00a0\u00bboff\u00a0\u00bb button_border_width__hover_enabled=\u00a0\u00bboff\u00a0\u00bb button_one_border_width__hover_enabled=\u00a0\u00bboff\u00a0\u00bb button_two_border_width__hover_enabled=\u00a0\u00bboff\u00a0\u00bb button_border_color__hover_enabled=\u00a0\u00bboff\u00a0\u00bb button_one_border_color__hover_enabled=\u00a0\u00bboff\u00a0\u00bb button_two_border_color__hover_enabled=\u00a0\u00bboff\u00a0\u00bb button_border_radius__hover_enabled=\u00a0\u00bboff\u00a0\u00bb button_one_border_radius__hover_enabled=\u00a0\u00bboff\u00a0\u00bb button_two_border_radius__hover_enabled=\u00a0\u00bboff\u00a0\u00bb button_letter_spacing__hover_enabled=\u00a0\u00bboff\u00a0\u00bb button_one_letter_spacing__hover_enabled=\u00a0\u00bboff\u00a0\u00bb button_two_letter_spacing__hover_enabled=\u00a0\u00bboff\u00a0\u00bb button_bg_color__hover_enabled=\u00a0\u00bboff\u00a0\u00bb button_one_bg_color__hover_enabled=\u00a0\u00bboff\u00a0\u00bb button_two_bg_color__hover_enabled=\u00a0\u00bboff\u00a0\u00bb sticky_transition=\u00a0\u00bbon\u00a0\u00bb][\/et_pb_slide][et_pb_slide image=\u00a0\u00bbhttp:\/\/motoclub-glenac.com\/wp-content\/uploads\/2018\/03\/index.png\u00a0\u00bb admin_title=\u00a0\u00bbSaget\u00a0\u00bb _builder_version=\u00a0\u00bb4.3.2&Prime; link_option_url=\u00a0\u00bbhttps:\/\/www.francoisesaget.com\/fr-fr\/\u00a0\u00bb locked=\u00a0\u00bboff\u00a0\u00bb button_text_size__hover_enabled=\u00a0\u00bboff\u00a0\u00bb button_one_text_size__hover_enabled=\u00a0\u00bboff\u00a0\u00bb button_two_text_size__hover_enabled=\u00a0\u00bboff\u00a0\u00bb button_text_color__hover_enabled=\u00a0\u00bboff\u00a0\u00bb button_one_text_color__hover_enabled=\u00a0\u00bboff\u00a0\u00bb button_two_text_color__hover_enabled=\u00a0\u00bboff\u00a0\u00bb button_border_width__hover_enabled=\u00a0\u00bboff\u00a0\u00bb button_one_border_width__hover_enabled=\u00a0\u00bboff\u00a0\u00bb button_two_border_width__hover_enabled=\u00a0\u00bboff\u00a0\u00bb button_border_color__hover_enabled=\u00a0\u00bboff\u00a0\u00bb button_one_border_color__hover_enabled=\u00a0\u00bboff\u00a0\u00bb button_two_border_color__hover_enabled=\u00a0\u00bboff\u00a0\u00bb button_border_radius__hover_enabled=\u00a0\u00bboff\u00a0\u00bb button_one_border_radius__hover_enabled=\u00a0\u00bboff\u00a0\u00bb button_two_border_radius__hover_enabled=\u00a0\u00bboff\u00a0\u00bb button_letter_spacing__hover_enabled=\u00a0\u00bboff\u00a0\u00bb button_one_letter_spacing__hover_enabled=\u00a0\u00bboff\u00a0\u00bb button_two_letter_spacing__hover_enabled=\u00a0\u00bboff\u00a0\u00bb button_bg_color__hover_enabled=\u00a0\u00bboff\u00a0\u00bb button_one_bg_color__hover_enabled=\u00a0\u00bboff\u00a0\u00bb button_two_bg_color__hover_enabled=\u00a0\u00bboff\u00a0\u00bb sticky_transition=\u00a0\u00bbon\u00a0\u00bb][\/et_pb_slide][et_pb_slide image=\u00a0\u00bbhttp:\/\/motoclub-glenac.com\/wp-content\/uploads\/2020\/05\/Logo-SUPER-U-CARENTOIR.png\u00a0\u00bb admin_title=\u00a0\u00bbSuper U\u00a0\u00bb _builder_version=\u00a0\u00bb4.3.2&Prime; link_option_url=\u00a0\u00bbhttps:\/\/www.magasins-u.com\/magasin\/superu-carentoir\u00a0\u00bb locked=\u00a0\u00bboff\u00a0\u00bb button_text_size__hover_enabled=\u00a0\u00bboff\u00a0\u00bb button_one_text_size__hover_enabled=\u00a0\u00bboff\u00a0\u00bb button_two_text_size__hover_enabled=\u00a0\u00bboff\u00a0\u00bb button_text_color__hover_enabled=\u00a0\u00bboff\u00a0\u00bb button_one_text_color__hover_enabled=\u00a0\u00bboff\u00a0\u00bb button_two_text_color__hover_enabled=\u00a0\u00bboff\u00a0\u00bb button_border_width__hover_enabled=\u00a0\u00bboff\u00a0\u00bb button_one_border_width__hover_enabled=\u00a0\u00bboff\u00a0\u00bb button_two_border_width__hover_enabled=\u00a0\u00bboff\u00a0\u00bb button_border_color__hover_enabled=\u00a0\u00bboff\u00a0\u00bb button_one_border_color__hover_enabled=\u00a0\u00bboff\u00a0\u00bb button_two_border_color__hover_enabled=\u00a0\u00bboff\u00a0\u00bb button_border_radius__hover_enabled=\u00a0\u00bboff\u00a0\u00bb button_one_border_radius__hover_enabled=\u00a0\u00bboff\u00a0\u00bb button_two_border_radius__hover_enabled=\u00a0\u00bboff\u00a0\u00bb button_letter_spacing__hover_enabled=\u00a0\u00bboff\u00a0\u00bb button_one_letter_spacing__hover_enabled=\u00a0\u00bboff\u00a0\u00bb button_two_letter_spacing__hover_enabled=\u00a0\u00bboff\u00a0\u00bb button_bg_color__hover_enabled=\u00a0\u00bboff\u00a0\u00bb button_one_bg_color__hover_enabled=\u00a0\u00bboff\u00a0\u00bb button_two_bg_color__hover_enabled=\u00a0\u00bboff\u00a0\u00bb sticky_transition=\u00a0\u00bbon\u00a0\u00bb][\/et_pb_slide][et_pb_slide image=\u00a0\u00bbhttp:\/\/motoclub-glenac.com\/wp-content\/uploads\/2018\/03\/default.jpg\u00a0\u00bb admin_title=\u00a0\u00bbJean Gorin\u00a0\u00bb _builder_version=\u00a0\u00bb4.3.2&Prime; link_option_url=\u00a0\u00bbhttps:\/\/www.meublesgorin.fr\/\u00a0\u00bb locked=\u00a0\u00bboff\u00a0\u00bb button_text_size__hover_enabled=\u00a0\u00bboff\u00a0\u00bb button_one_text_size__hover_enabled=\u00a0\u00bboff\u00a0\u00bb button_two_text_size__hover_enabled=\u00a0\u00bboff\u00a0\u00bb button_text_color__hover_enabled=\u00a0\u00bboff\u00a0\u00bb button_one_text_color__hover_enabled=\u00a0\u00bboff\u00a0\u00bb button_two_text_color__hover_enabled=\u00a0\u00bboff\u00a0\u00bb button_border_width__hover_enabled=\u00a0\u00bboff\u00a0\u00bb button_one_border_width__hover_enabled=\u00a0\u00bboff\u00a0\u00bb button_two_border_width__hover_enabled=\u00a0\u00bboff\u00a0\u00bb button_border_color__hover_enabled=\u00a0\u00bboff\u00a0\u00bb button_one_border_color__hover_enabled=\u00a0\u00bboff\u00a0\u00bb button_two_border_color__hover_enabled=\u00a0\u00bboff\u00a0\u00bb button_border_radius__hover_enabled=\u00a0\u00bboff\u00a0\u00bb button_one_border_radius__hover_enabled=\u00a0\u00bboff\u00a0\u00bb button_two_border_radius__hover_enabled=\u00a0\u00bboff\u00a0\u00bb button_letter_spacing__hover_enabled=\u00a0\u00bboff\u00a0\u00bb button_one_letter_spacing__hover_enabled=\u00a0\u00bboff\u00a0\u00bb button_two_letter_spacing__hover_enabled=\u00a0\u00bboff\u00a0\u00bb button_bg_color__hover_enabled=\u00a0\u00bboff\u00a0\u00bb button_one_bg_color__hover_enabled=\u00a0\u00bboff\u00a0\u00bb button_two_bg_color__hover_enabled=\u00a0\u00bboff\u00a0\u00bb sticky_transition=\u00a0\u00bbon\u00a0\u00bb][\/et_pb_slide][et_pb_slide image=\u00a0\u00bbhttp:\/\/motoclub-glenac.com\/wp-content\/uploads\/2019\/02\/Sarl-Crete-Agri-environnement.png\u00a0\u00bb admin_title=\u00a0\u00bbCr\u00e9t\u00e9\u00a0\u00bb _builder_version=\u00a0\u00bb4.3.2&Prime; link_option_url=\u00a0\u00bbhttps:\/\/www.crete.bzh\/\u00a0\u00bb locked=\u00a0\u00bboff\u00a0\u00bb button_text_size__hover_enabled=\u00a0\u00bboff\u00a0\u00bb button_one_text_size__hover_enabled=\u00a0\u00bboff\u00a0\u00bb button_two_text_size__hover_enabled=\u00a0\u00bboff\u00a0\u00bb button_text_color__hover_enabled=\u00a0\u00bboff\u00a0\u00bb button_one_text_color__hover_enabled=\u00a0\u00bboff\u00a0\u00bb button_two_text_color__hover_enabled=\u00a0\u00bboff\u00a0\u00bb button_border_width__hover_enabled=\u00a0\u00bboff\u00a0\u00bb button_one_border_width__hover_enabled=\u00a0\u00bboff\u00a0\u00bb button_two_border_width__hover_enabled=\u00a0\u00bboff\u00a0\u00bb button_border_color__hover_enabled=\u00a0\u00bboff\u00a0\u00bb button_one_border_color__hover_enabled=\u00a0\u00bboff\u00a0\u00bb button_two_border_color__hover_enabled=\u00a0\u00bboff\u00a0\u00bb button_border_radius__hover_enabled=\u00a0\u00bboff\u00a0\u00bb button_one_border_radius__hover_enabled=\u00a0\u00bboff\u00a0\u00bb button_two_border_radius__hover_enabled=\u00a0\u00bboff\u00a0\u00bb button_letter_spacing__hover_enabled=\u00a0\u00bboff\u00a0\u00bb button_one_letter_spacing__hover_enabled=\u00a0\u00bboff\u00a0\u00bb button_two_letter_spacing__hover_enabled=\u00a0\u00bboff\u00a0\u00bb button_bg_color__hover_enabled=\u00a0\u00bboff\u00a0\u00bb button_one_bg_color__hover_enabled=\u00a0\u00bboff\u00a0\u00bb button_two_bg_color__hover_enabled=\u00a0\u00bboff\u00a0\u00bb sticky_transition=\u00a0\u00bbon\u00a0\u00bb][\/et_pb_slide][et_pb_slide image=\u00a0\u00bbhttp:\/\/motoclub-glenac.com\/wp-content\/uploads\/2020\/05\/france-pare-brise-2020-Internet.png\u00a0\u00bb admin_title=\u00a0\u00bbFrance Pare Brise\u00a0\u00bb _builder_version=\u00a0\u00bb4.3.2&Prime; link_option_url=\u00a0\u00bbhttps:\/\/www.franceparebrise.fr\/pare-brise\/bretagne\/ille-et-vilaine\/redon\u00a0\u00bb locked=\u00a0\u00bboff\u00a0\u00bb button_text_size__hover_enabled=\u00a0\u00bboff\u00a0\u00bb button_one_text_size__hover_enabled=\u00a0\u00bboff\u00a0\u00bb button_two_text_size__hover_enabled=\u00a0\u00bboff\u00a0\u00bb button_text_color__hover_enabled=\u00a0\u00bboff\u00a0\u00bb button_one_text_color__hover_enabled=\u00a0\u00bboff\u00a0\u00bb button_two_text_color__hover_enabled=\u00a0\u00bboff\u00a0\u00bb button_border_width__hover_enabled=\u00a0\u00bboff\u00a0\u00bb button_one_border_width__hover_enabled=\u00a0\u00bboff\u00a0\u00bb button_two_border_width__hover_enabled=\u00a0\u00bboff\u00a0\u00bb button_border_color__hover_enabled=\u00a0\u00bboff\u00a0\u00bb button_one_border_color__hover_enabled=\u00a0\u00bboff\u00a0\u00bb button_two_border_color__hover_enabled=\u00a0\u00bboff\u00a0\u00bb button_border_radius__hover_enabled=\u00a0\u00bboff\u00a0\u00bb button_one_border_radius__hover_enabled=\u00a0\u00bboff\u00a0\u00bb button_two_border_radius__hover_enabled=\u00a0\u00bboff\u00a0\u00bb button_letter_spacing__hover_enabled=\u00a0\u00bboff\u00a0\u00bb button_one_letter_spacing__hover_enabled=\u00a0\u00bboff\u00a0\u00bb button_two_letter_spacing__hover_enabled=\u00a0\u00bboff\u00a0\u00bb button_bg_color__hover_enabled=\u00a0\u00bboff\u00a0\u00bb button_one_bg_color__hover_enabled=\u00a0\u00bboff\u00a0\u00bb button_two_bg_color__hover_enabled=\u00a0\u00bboff\u00a0\u00bb sticky_transition=\u00a0\u00bbon\u00a0\u00bb][\/et_pb_slide][et_pb_slide image=\u00a0\u00bbhttp:\/\/motoclub-glenac.com\/wp-content\/uploads\/2020\/05\/INTERMARCHE-2020.png\u00a0\u00bb admin_title=\u00a0\u00bbIntermarch\u00e9\u00a0\u00bb _builder_version=\u00a0\u00bb4.3.2&Prime; link_option_url=\u00a0\u00bbhttps:\/\/www.intermarche.com\/magasins\/04391\/redon-35600\/infos-pratiques\u00a0\u00bb locked=\u00a0\u00bboff\u00a0\u00bb button_text_size__hover_enabled=\u00a0\u00bboff\u00a0\u00bb button_one_text_size__hover_enabled=\u00a0\u00bboff\u00a0\u00bb button_two_text_size__hover_enabled=\u00a0\u00bboff\u00a0\u00bb button_text_color__hover_enabled=\u00a0\u00bboff\u00a0\u00bb button_one_text_color__hover_enabled=\u00a0\u00bboff\u00a0\u00bb button_two_text_color__hover_enabled=\u00a0\u00bboff\u00a0\u00bb button_border_width__hover_enabled=\u00a0\u00bboff\u00a0\u00bb button_one_border_width__hover_enabled=\u00a0\u00bboff\u00a0\u00bb button_two_border_width__hover_enabled=\u00a0\u00bboff\u00a0\u00bb button_border_color__hover_enabled=\u00a0\u00bboff\u00a0\u00bb button_one_border_color__hover_enabled=\u00a0\u00bboff\u00a0\u00bb button_two_border_color__hover_enabled=\u00a0\u00bboff\u00a0\u00bb button_border_radius__hover_enabled=\u00a0\u00bboff\u00a0\u00bb button_one_border_radius__hover_enabled=\u00a0\u00bboff\u00a0\u00bb button_two_border_radius__hover_enabled=\u00a0\u00bboff\u00a0\u00bb button_letter_spacing__hover_enabled=\u00a0\u00bboff\u00a0\u00bb button_one_letter_spacing__hover_enabled=\u00a0\u00bboff\u00a0\u00bb button_two_letter_spacing__hover_enabled=\u00a0\u00bboff\u00a0\u00bb button_bg_color__hover_enabled=\u00a0\u00bboff\u00a0\u00bb button_one_bg_color__hover_enabled=\u00a0\u00bboff\u00a0\u00bb button_two_bg_color__hover_enabled=\u00a0\u00bboff\u00a0\u00bb sticky_transition=\u00a0\u00bbon\u00a0\u00bb][\/et_pb_slide][et_pb_slide image=\u00a0\u00bbhttp:\/\/motoclub-glenac.com\/wp-content\/uploads\/2018\/03\/9e1ed792d3862b1158cf0d6b4187f30b6f960cc1__nrw5qx.jpg\u00a0\u00bb admin_title=\u00a0\u00bbHochet TP\u00a0\u00bb _builder_version=\u00a0\u00bb4.3.2&Prime; link_option_url=\u00a0\u00bbhttp:\/\/www.hochet-tp.com\/\u00a0\u00bb locked=\u00a0\u00bboff\u00a0\u00bb button_text_size__hover_enabled=\u00a0\u00bboff\u00a0\u00bb button_one_text_size__hover_enabled=\u00a0\u00bboff\u00a0\u00bb button_two_text_size__hover_enabled=\u00a0\u00bboff\u00a0\u00bb button_text_color__hover_enabled=\u00a0\u00bboff\u00a0\u00bb button_one_text_color__hover_enabled=\u00a0\u00bboff\u00a0\u00bb button_two_text_color__hover_enabled=\u00a0\u00bboff\u00a0\u00bb button_border_width__hover_enabled=\u00a0\u00bboff\u00a0\u00bb button_one_border_width__hover_enabled=\u00a0\u00bboff\u00a0\u00bb button_two_border_width__hover_enabled=\u00a0\u00bboff\u00a0\u00bb button_border_color__hover_enabled=\u00a0\u00bboff\u00a0\u00bb button_one_border_color__hover_enabled=\u00a0\u00bboff\u00a0\u00bb button_two_border_color__hover_enabled=\u00a0\u00bboff\u00a0\u00bb button_border_radius__hover_enabled=\u00a0\u00bboff\u00a0\u00bb button_one_border_radius__hover_enabled=\u00a0\u00bboff\u00a0\u00bb button_two_border_radius__hover_enabled=\u00a0\u00bboff\u00a0\u00bb button_letter_spacing__hover_enabled=\u00a0\u00bboff\u00a0\u00bb button_one_letter_spacing__hover_enabled=\u00a0\u00bboff\u00a0\u00bb button_two_letter_spacing__hover_enabled=\u00a0\u00bboff\u00a0\u00bb button_bg_color__hover_enabled=\u00a0\u00bboff\u00a0\u00bb button_one_bg_color__hover_enabled=\u00a0\u00bboff\u00a0\u00bb button_two_bg_color__hover_enabled=\u00a0\u00bboff\u00a0\u00bb sticky_transition=\u00a0\u00bbon\u00a0\u00bb][\/et_pb_slide][et_pb_slide image=\u00a0\u00bbhttp:\/\/motoclub-glenac.com\/wp-content\/uploads\/2020\/05\/RobertTP.png\u00a0\u00bb admin_title=\u00a0\u00bbRobert TP\u00a0\u00bb _builder_version=\u00a0\u00bb4.3.2&Prime; link_option_url=\u00a0\u00bbhttp:\/\/www.roberttatp.com\/\u00a0\u00bb locked=\u00a0\u00bboff\u00a0\u00bb sticky_transition=\u00a0\u00bbon\u00a0\u00bb][\/et_pb_slide][et_pb_slide image=\u00a0\u00bbhttp:\/\/motoclub-glenac.com\/wp-content\/uploads\/2019\/03\/Breiz-loisirs-64&#215;68.png\u00a0\u00bb admin_title=\u00a0\u00bbBreizh Loisirs\u00a0\u00bb _builder_version=\u00a0\u00bb4.3.2&Prime; link_option_url=\u00a0\u00bbhttps:\/\/www.facebook.com\/search\/photos\/?q=breizh%20loisirs&#038;epa=SERP_TAB\u00a0\u00bb locked=\u00a0\u00bboff\u00a0\u00bb button_text_size__hover_enabled=\u00a0\u00bboff\u00a0\u00bb button_one_text_size__hover_enabled=\u00a0\u00bboff\u00a0\u00bb button_two_text_size__hover_enabled=\u00a0\u00bboff\u00a0\u00bb button_text_color__hover_enabled=\u00a0\u00bboff\u00a0\u00bb button_one_text_color__hover_enabled=\u00a0\u00bboff\u00a0\u00bb button_two_text_color__hover_enabled=\u00a0\u00bboff\u00a0\u00bb button_border_width__hover_enabled=\u00a0\u00bboff\u00a0\u00bb button_one_border_width__hover_enabled=\u00a0\u00bboff\u00a0\u00bb button_two_border_width__hover_enabled=\u00a0\u00bboff\u00a0\u00bb button_border_color__hover_enabled=\u00a0\u00bboff\u00a0\u00bb button_one_border_color__hover_enabled=\u00a0\u00bboff\u00a0\u00bb button_two_border_color__hover_enabled=\u00a0\u00bboff\u00a0\u00bb button_border_radius__hover_enabled=\u00a0\u00bboff\u00a0\u00bb button_one_border_radius__hover_enabled=\u00a0\u00bboff\u00a0\u00bb button_two_border_radius__hover_enabled=\u00a0\u00bboff\u00a0\u00bb button_letter_spacing__hover_enabled=\u00a0\u00bboff\u00a0\u00bb button_one_letter_spacing__hover_enabled=\u00a0\u00bboff\u00a0\u00bb button_two_letter_spacing__hover_enabled=\u00a0\u00bboff\u00a0\u00bb button_bg_color__hover_enabled=\u00a0\u00bboff\u00a0\u00bb button_one_bg_color__hover_enabled=\u00a0\u00bboff\u00a0\u00bb button_two_bg_color__hover_enabled=\u00a0\u00bboff\u00a0\u00bb sticky_transition=\u00a0\u00bbon\u00a0\u00bb][\/et_pb_slide][et_pb_slide image=\u00a0\u00bbhttp:\/\/motoclub-glenac.com\/wp-content\/uploads\/2020\/05\/LOCARMOR.jpg\u00a0\u00bb admin_title=\u00a0\u00bbLocarmor\u00a0\u00bb _builder_version=\u00a0\u00bb4.3.2&Prime; link_option_url=\u00a0\u00bbhttps:\/\/www.locarmor.bzh\/agence-de-redon\/\u00a0\u00bb locked=\u00a0\u00bboff\u00a0\u00bb button_text_size__hover_enabled=\u00a0\u00bboff\u00a0\u00bb button_one_text_size__hover_enabled=\u00a0\u00bboff\u00a0\u00bb button_two_text_size__hover_enabled=\u00a0\u00bboff\u00a0\u00bb button_text_color__hover_enabled=\u00a0\u00bboff\u00a0\u00bb button_one_text_color__hover_enabled=\u00a0\u00bboff\u00a0\u00bb button_two_text_color__hover_enabled=\u00a0\u00bboff\u00a0\u00bb button_border_width__hover_enabled=\u00a0\u00bboff\u00a0\u00bb button_one_border_width__hover_enabled=\u00a0\u00bboff\u00a0\u00bb button_two_border_width__hover_enabled=\u00a0\u00bboff\u00a0\u00bb button_border_color__hover_enabled=\u00a0\u00bboff\u00a0\u00bb button_one_border_color__hover_enabled=\u00a0\u00bboff\u00a0\u00bb button_two_border_color__hover_enabled=\u00a0\u00bboff\u00a0\u00bb button_border_radius__hover_enabled=\u00a0\u00bboff\u00a0\u00bb button_one_border_radius__hover_enabled=\u00a0\u00bboff\u00a0\u00bb button_two_border_radius__hover_enabled=\u00a0\u00bboff\u00a0\u00bb button_letter_spacing__hover_enabled=\u00a0\u00bboff\u00a0\u00bb button_one_letter_spacing__hover_enabled=\u00a0\u00bboff\u00a0\u00bb button_two_letter_spacing__hover_enabled=\u00a0\u00bboff\u00a0\u00bb button_bg_color__hover_enabled=\u00a0\u00bboff\u00a0\u00bb button_one_bg_color__hover_enabled=\u00a0\u00bboff\u00a0\u00bb button_two_bg_color__hover_enabled=\u00a0\u00bboff\u00a0\u00bb sticky_transition=\u00a0\u00bbon\u00a0\u00bb][\/et_pb_slide][\/et_pb_slider][\/et_pb_column][\/et_pb_row][\/et_pb_section][et_pb_section fb_built=\u00a0\u00bb1&Prime; admin_label=\u00a0\u00bbAbout Us Section\u00a0\u00bb _builder_version=\u00a0\u00bb3.22&Prime; background_color=\u00a0\u00bb#efe9e4&Prime; custom_padding=\u00a0\u00bb1px||0px|\u00a0\u00bb][et_pb_row admin_label=\u00a0\u00bbAbout Us Area\u00a0\u00bb _builder_version=\u00a0\u00bb3.25&Prime; min_height=\u00a0\u00bb186px\u00a0\u00bb][et_pb_column type=\u00a0\u00bb4_4&Prime; _builder_version=\u00a0\u00bb3.25&Prime; custom_padding=\u00a0\u00bb|||\u00a0\u00bb custom_padding__hover=\u00a0\u00bb|||\u00a0\u00bb][et_pb_text admin_label=\u00a0\u00bbTitle\u00a0\u00bb _builder_version=\u00a0\u00bb4.9.1&Prime; text_font=\u00a0\u00bb||||||||\u00a0\u00bb header_font=\u00a0\u00bb||||||||\u00a0\u00bb header_2_font=\u00a0\u00bbPoppins|600|||||||\u00a0\u00bb header_2_text_align=\u00a0\u00bbcenter\u00a0\u00bb header_2_font_size=\u00a0\u00bb36px\u00a0\u00bb header_2_line_height=\u00a0\u00bb1.2em\u00a0\u00bb max_width=\u00a0\u00bb525px\u00a0\u00bb module_alignment=\u00a0\u00bbcenter\u00a0\u00bb custom_margin=\u00a0\u00bb||0px|\u00a0\u00bb animation_style=\u00a0\u00bbfade\u00a0\u00bb]<\/p>\n<h2>MOTOCROSS\u00a0 GL\u00c9NAC<\/h2>\n<h2>29 ao\u00fbt 2021<\/h2>\n<p>[\/et_pb_text][et_pb_divider color=\u00a0\u00bb#fdb467&Prime; divider_position=\u00a0\u00bbcenter\u00a0\u00bb divider_weight=\u00a0\u00bb3px\u00a0\u00bb _builder_version=\u00a0\u00bb3.2&Prime; max_width=\u00a0\u00bb50px\u00a0\u00bb module_alignment=\u00a0\u00bbcenter\u00a0\u00bb custom_margin=\u00a0\u00bb|||\u00a0\u00bb animation_style=\u00a0\u00bbslide\u00a0\u00bb animation_direction=\u00a0\u00bbtop\u00a0\u00bb animation_intensity_slide=\u00a0\u00bb10%\u00a0\u00bb animation_starting_opacity=\u00a0\u00bb100%\u00a0\u00bb][\/et_pb_divider][et_pb_text _builder_version=\u00a0\u00bb4.9.1&Prime; text_font=\u00a0\u00bbPoppins||||||||\u00a0\u00bb text_font_size=\u00a0\u00bb18px\u00a0\u00bb text_line_height=\u00a0\u00bb1.8em\u00a0\u00bb text_orientation=\u00a0\u00bbcenter\u00a0\u00bb max_width=\u00a0\u00bb750px\u00a0\u00bb module_alignment=\u00a0\u00bbcenter\u00a0\u00bb custom_margin=\u00a0\u00bb|||\u00a0\u00bb custom_padding=\u00a0\u00bb||0px|||\u00a0\u00bb animation_style=\u00a0\u00bbfade\u00a0\u00bb]<\/p>\n<p>Le Championnat de France 450, machine de classe 3, 450<sup>cc<\/sup> 4 temps ou 250<sup>cc<\/sup> 2 temps, en 2 manches de 25 minutes plus 1 tour.<\/p>\n<p>Le Championnat de France 250, machine de classe 2, 250<sup>cc<\/sup> 4 temps ou 150<sup>cc<\/sup>2 temps, en 2 manches de 25 minutes plus 1 tour.<\/p>\n<p>Le TROPHEE , machine de classe 2 ou 3, en 3 manches de 15 minutes plus 1 tour.<\/p>\n<p>[\/et_pb_text][\/et_pb_column][\/et_pb_row][\/et_pb_section][et_pb_section fb_built=\u00a0\u00bb1&Prime; admin_label=\u00a0\u00bbOur Story Section\u00a0\u00bb _builder_version=\u00a0\u00bb3.22&Prime; background_color=\u00a0\u00bb#efe9e4&Prime; background_color_gradient_direction=\u00a0\u00bb0deg\u00a0\u00bb custom_padding=\u00a0\u00bb0px||0px|\u00a0\u00bb][et_pb_row column_structure=\u00a0\u00bb1_2,1_2&Prime; use_custom_gutter=\u00a0\u00bbon\u00a0\u00bb gutter_width=\u00a0\u00bb0&Prime; make_equal=\u00a0\u00bbon\u00a0\u00bb admin_label=\u00a0\u00bbOur Story Area\u00a0\u00bb module_class=\u00a0\u00bb et_pb_row_fullwidth\u00a0\u00bb _builder_version=\u00a0\u00bb3.25&Prime; background_color=\u00a0\u00bb#1e1d1c\u00a0\u00bb width=\u00a0\u00bb100%\u00a0\u00bb width_tablet=\u00a0\u00bb100%\u00a0\u00bb width_phone=\u00a0\u00bb\u00a0\u00bb width_last_edited=\u00a0\u00bbon|desktop\u00a0\u00bb max_width=\u00a0\u00bb100%\u00a0\u00bb max_width_tablet=\u00a0\u00bb100%\u00a0\u00bb max_width_phone=\u00a0\u00bb\u00a0\u00bb max_width_last_edited=\u00a0\u00bbon|desktop\u00a0\u00bb custom_padding=\u00a0\u00bb0px||40px|\u00a0\u00bb make_fullwidth=\u00a0\u00bbon\u00a0\u00bb][et_pb_column type=\u00a0\u00bb1_2&Prime; _builder_version=\u00a0\u00bb3.25&Prime; custom_padding=\u00a0\u00bb|||\u00a0\u00bb custom_padding__hover=\u00a0\u00bb|||\u00a0\u00bb][et_pb_image src=\u00a0\u00bbhttp:\/\/motoclub-glenac.com\/wp-content\/uploads\/2021\/07\/AFFICHE-2021-08-29-redm.png\u00a0\u00bb title_text=\u00a0\u00bbAFFICHE 2021 08 29 redm\u00a0\u00bb align_tablet=\u00a0\u00bbcenter\u00a0\u00bb align_phone=\u00a0\u00bb\u00a0\u00bb align_last_edited=\u00a0\u00bbon|desktop\u00a0\u00bb _builder_version=\u00a0\u00bb4.9.1&Prime; max_width=\u00a0\u00bb85%\u00a0\u00bb module_alignment=\u00a0\u00bbcenter\u00a0\u00bb min_height=\u00a0\u00bb262px\u00a0\u00bb custom_margin=\u00a0\u00bb500px||||false|false\u00a0\u00bb hover_enabled=\u00a0\u00bb0&Prime; sticky_enabled=\u00a0\u00bb0&Prime;][\/et_pb_image][\/et_pb_column][et_pb_column type=\u00a0\u00bb1_2&Prime; _builder_version=\u00a0\u00bb4.9.1&Prime; _module_preset=\u00a0\u00bbdefault\u00a0\u00bb][et_pb_text admin_label=\u00a0\u00bbTitle\u00a0\u00bb _builder_version=\u00a0\u00bb4.9.1&Prime; text_font=\u00a0\u00bb||||||||\u00a0\u00bb header_font=\u00a0\u00bb||||||||\u00a0\u00bb header_2_font=\u00a0\u00bbPoppins|600|||||||\u00a0\u00bb header_2_font_size=\u00a0\u00bb36px\u00a0\u00bb header_2_line_height=\u00a0\u00bb1.2em\u00a0\u00bb background_layout=\u00a0\u00bbdark\u00a0\u00bb max_width=\u00a0\u00bb750px\u00a0\u00bb custom_padding=\u00a0\u00bb||0px|||\u00a0\u00bb animation_style=\u00a0\u00bbfold\u00a0\u00bb animation_direction=\u00a0\u00bbleft\u00a0\u00bb animation_intensity_fold=\u00a0\u00bb10%\u00a0\u00bb animation_starting_opacity=\u00a0\u00bb100%\u00a0\u00bb]<\/p>\n<h4 style=\"text-align: center;\"><\/h4>\n<h4 style=\"text-align: center;\">Le Pr\u00e9sident du MC Gl\u00e9nac, Guy NAEL<\/h4>\n<p>[\/et_pb_text][et_pb_divider color=\u00a0\u00bb#fdb467&Prime; divider_position=\u00a0\u00bbcenter\u00a0\u00bb divider_weight=\u00a0\u00bb3px\u00a0\u00bb _builder_version=\u00a0\u00bb3.2&Prime; max_width=\u00a0\u00bb50px\u00a0\u00bb module_alignment=\u00a0\u00bbcenter\u00a0\u00bb custom_margin=\u00a0\u00bb|||\u00a0\u00bb animation_style=\u00a0\u00bbslide\u00a0\u00bb animation_direction=\u00a0\u00bbtop\u00a0\u00bb animation_intensity_slide=\u00a0\u00bb10%\u00a0\u00bb animation_starting_opacity=\u00a0\u00bb100%\u00a0\u00bb][\/et_pb_divider][et_pb_text _builder_version=\u00a0\u00bb4.9.1&Prime; text_font=\u00a0\u00bbPoppins||||||||\u00a0\u00bb text_text_color=\u00a0\u00bbrgba(255,255,255,0.7)\u00a0\u00bb text_font_size=\u00a0\u00bb18px\u00a0\u00bb text_line_height=\u00a0\u00bb1.8em\u00a0\u00bb max_width=\u00a0\u00bb750px\u00a0\u00bb custom_margin=\u00a0\u00bb25px|||\u00a0\u00bb animation_style=\u00a0\u00bbfold\u00a0\u00bb animation_direction=\u00a0\u00bbleft\u00a0\u00bb animation_intensity_fold=\u00a0\u00bb10%\u00a0\u00bb animation_starting_opacity=\u00a0\u00bb100%\u00a0\u00bb]<\/p>\n<p>Le moto club est heureux de vous retrouver sur son site de \u00ab\u00a0Branf\u00e9r\u00e9 \u00e0 Gl\u00e9nac\u00a0\u00bb.<\/p>\n<p>En 2020, il fallut tout arr\u00eater \u00e0 moins de 1 mois de l\u2019\u00e9ch\u00e9ance, avec l\u2019impossibilit\u00e9 de pouvoir reporter du fait que le parc pilotes n\u2019\u00e9tait plus disponible et que nous ne voulions pas nous imposer au d\u00e9triment du championnat de Bretagne en prenant une de ses dates.<\/p>\n<p>Hormis la d\u00e9ception pour nos b\u00e9n\u00e9voles qui avaient \u0153uvr\u00e9 toute l\u2019ann\u00e9e pr\u00e9c\u00e9dente pour que tout soit pr\u00eat, nous avions \u00e0 g\u00e9rer le probl\u00e8me financier.<\/p>\n<p>En effet de gros frais ont \u00e9t\u00e9 engag\u00e9s pour l\u2019homologation, la station de lavage, le parc pilotes que nous avons acquis, la publicit\u00e9, etc\u2026.<\/p>\n<p>Nos partenaires et sponsors ont bien voulu, en grande majorit\u00e9, reporter sur 2021 leur participation \u00e0 notre programme, ce qui nous a permis d\u2019\u00eatre plus serein, merci \u00e0 eux.<\/p>\n<p>Que soient remerci\u00e9 \u00e9galement la mairie de LA GACILLY, la communaut\u00e9 d\u2019Oust \u00e0 Broc\u00e9liande et la R\u00e9gion de Bretagne qui ont, malgr\u00e9 tout, accord\u00e9 leur subvention pour 2020.<\/p>\n<p>Pour cette ann\u00e9e 2021, nous relevons le d\u00e9fi. Ce n\u2019est pas le genre de la maison de s\u2019avouer vaincu et de baisser les bras devant les probl\u00e8mes qui s\u2019agglutinent.<\/p>\n<p>J\u2019esp\u00e8re que tous les contr\u00f4les que l\u2019on vous a impos\u00e9 se sont bien pass\u00e9s et que l\u2019attente n\u2019a pas \u00e9t\u00e9 trop longue. Nous avons du r\u00e9organiser nos parcs spectateurs pour faciliter le contr\u00f4le du \u00ab\u00a0Pass sanitaire\u00a0\u00bb.<\/p>\n<p>Nous esp\u00e9rons que vous appr\u00e9cierez le spectacle et que les pilotes se feront plaisir sur la piste.<\/p>\n<p>Merci \u00e0 tous les b\u00e9n\u00e9voles qui ont pr\u00e9par\u00e9 ce circuit, au soutien de nos partenaires, sans oublier la R\u00e9gion, le D\u00e9partement, la Communaut\u00e9 de Communes et la Mairie de La Gacilly ainsi que les propri\u00e9taires qui mettent leurs terrains \u00e0 disposition.<\/p>\n<p>Je vous souhaite de passer une agr\u00e9able journ\u00e9e.<strong><\/strong><\/p>\n<p>[\/et_pb_text][\/et_pb_column][\/et_pb_row][\/et_pb_section][et_pb_section fb_built=\u00a0\u00bb1&Prime; admin_label=\u00a0\u00bbOur Story Section\u00a0\u00bb _builder_version=\u00a0\u00bb3.22&Prime; background_color=\u00a0\u00bb#efe9e4&Prime; background_color_gradient_direction=\u00a0\u00bb0deg\u00a0\u00bb custom_padding=\u00a0\u00bb0px||0px|\u00a0\u00bb][et_pb_row column_structure=\u00a0\u00bb1_2,1_2&Prime; use_custom_gutter=\u00a0\u00bbon\u00a0\u00bb gutter_width=\u00a0\u00bb0&Prime; make_equal=\u00a0\u00bbon\u00a0\u00bb admin_label=\u00a0\u00bbOur Story Area\u00a0\u00bb module_class=\u00a0\u00bb et_pb_row_fullwidth\u00a0\u00bb _builder_version=\u00a0\u00bb3.25&Prime; background_color=\u00a0\u00bb#1e1d1c\u00a0\u00bb width=\u00a0\u00bb100%\u00a0\u00bb width_tablet=\u00a0\u00bb100%\u00a0\u00bb width_phone=\u00a0\u00bb\u00a0\u00bb width_last_edited=\u00a0\u00bbon|desktop\u00a0\u00bb max_width=\u00a0\u00bb100%\u00a0\u00bb max_width_tablet=\u00a0\u00bb100%\u00a0\u00bb max_width_phone=\u00a0\u00bb\u00a0\u00bb max_width_last_edited=\u00a0\u00bbon|desktop\u00a0\u00bb custom_padding=\u00a0\u00bb11px||0px|\u00a0\u00bb make_fullwidth=\u00a0\u00bbon\u00a0\u00bb][et_pb_column type=\u00a0\u00bb1_2&Prime; _builder_version=\u00a0\u00bb3.25&Prime; custom_padding=\u00a0\u00bb5%|5%|5%|5%\u00a0\u00bb custom_padding__hover=\u00a0\u00bb|||\u00a0\u00bb][et_pb_text admin_label=\u00a0\u00bbTitle\u00a0\u00bb _builder_version=\u00a0\u00bb4.9.1&Prime; text_font=\u00a0\u00bb||||||||\u00a0\u00bb header_font=\u00a0\u00bb||||||||\u00a0\u00bb header_2_font=\u00a0\u00bbPoppins|600|||||||\u00a0\u00bb header_2_font_size=\u00a0\u00bb36px\u00a0\u00bb header_2_line_height=\u00a0\u00bb1.2em\u00a0\u00bb background_layout=\u00a0\u00bbdark\u00a0\u00bb max_width=\u00a0\u00bb750px\u00a0\u00bb animation_style=\u00a0\u00bbfold\u00a0\u00bb animation_direction=\u00a0\u00bbleft\u00a0\u00bb animation_intensity_fold=\u00a0\u00bb10%\u00a0\u00bb animation_starting_opacity=\u00a0\u00bb100%\u00a0\u00bb]<\/p>\n<h2 style=\"text-align: center;\">La journ\u00e9e en images<\/h2>\n<p>[\/et_pb_text][et_pb_divider color=\u00a0\u00bb#fdb467&Prime; divider_position=\u00a0\u00bbcenter\u00a0\u00bb divider_weight=\u00a0\u00bb3px\u00a0\u00bb _builder_version=\u00a0\u00bb3.2&Prime; max_width=\u00a0\u00bb50px\u00a0\u00bb module_alignment=\u00a0\u00bbcenter\u00a0\u00bb custom_margin=\u00a0\u00bb|||\u00a0\u00bb animation_style=\u00a0\u00bbslide\u00a0\u00bb animation_direction=\u00a0\u00bbtop\u00a0\u00bb animation_intensity_slide=\u00a0\u00bb10%\u00a0\u00bb animation_starting_opacity=\u00a0\u00bb100%\u00a0\u00bb][\/et_pb_divider][et_pb_text _builder_version=\u00a0\u00bb4.9.1&Prime; text_font=\u00a0\u00bbPoppins||||||||\u00a0\u00bb text_text_color=\u00a0\u00bbrgba(255,255,255,0.7)\u00a0\u00bb text_font_size=\u00a0\u00bb18px\u00a0\u00bb text_line_height=\u00a0\u00bb1.8em\u00a0\u00bb max_width=\u00a0\u00bb750px\u00a0\u00bb custom_margin=\u00a0\u00bb25px|||\u00a0\u00bb animation_style=\u00a0\u00bbfold\u00a0\u00bb animation_direction=\u00a0\u00bbleft\u00a0\u00bb animation_intensity_fold=\u00a0\u00bb10%\u00a0\u00bb animation_starting_opacity=\u00a0\u00bb100%\u00a0\u00bb]<\/p>\n<p><strong>Contre vents et mar\u00e9es, le MC GLENAC a r\u00e9ussi \u00e0 faire oubli\u00e9, l&rsquo;espace d&rsquo;une journ\u00e9e, ce maudit \u00ab\u00a0Covid\u00a0\u00bb. Les pilotes, accompagnateurs et spectateurs ont\u00a0 accept\u00e9 de bonne gr\u00e2ce les contraintes impos\u00e9es, merci. <\/strong><strong><\/strong><\/p>\n<p><strong>Le Championnat de France 250cc domin\u00e9 par Camille FONVIELLE qui emporte les 2 manches, Romain PAPE deux fois second. Fran\u00e7ois DOR\u00c9 pour la troisi\u00e8me place<br \/><\/strong><\/p>\n<p><strong>Le Championnat de France 450cc, Alexandre LEFRANCOIS s&rsquo;adjuge le classement de la journ\u00e9e devant l&rsquo;autre pilote Breton Jason CLERMONT, la troisi\u00e8me place du podium revient \u00e0 Morgan JACQUELIN<br \/><\/strong><\/p>\n<p><strong>Au Troph\u00e9e \u00ab\u00a0Meubles Jean GORIN\u00a0\u00bb\u00a0 S\u00e9bastien PORCHER du MC GLENAC s&rsquo;impose, devant\u00a0 <\/strong><strong>Fabien PUREN <\/strong><strong>second et <\/strong><strong>Fabien GUILLEMOT troisi\u00e8me.<\/strong><strong><\/strong><\/p>\n<p>[\/et_pb_text][\/et_pb_column][et_pb_column type=\u00a0\u00bb1_2&Prime; _builder_version=\u00a0\u00bb3.25&Prime; custom_padding=\u00a0\u00bb|||\u00a0\u00bb custom_padding__hover=\u00a0\u00bb|||\u00a0\u00bb][et_pb_video src=\u00a0\u00bbhttp:\/\/motoclub-glenac.com\/wp-content\/uploads\/2021\/10\/Chpt-France-ffm-250-site.mp4&Prime; _builder_version=\u00a0\u00bb4.9.1&Prime; _module_preset=\u00a0\u00bbdefault\u00a0\u00bb][\/et_pb_video][et_pb_video src=\u00a0\u00bbhttp:\/\/motoclub-glenac.com\/wp-content\/uploads\/2021\/10\/Chpt-France-ffm-450-site.mp4&Prime; _builder_version=\u00a0\u00bb4.9.1&Prime; _module_preset=\u00a0\u00bbdefault\u00a0\u00bb src__hover_enabled=\u00a0\u00bbon|hover\u00a0\u00bb][\/et_pb_video][\/et_pb_column][\/et_pb_row][\/et_pb_section][et_pb_section fb_built=\u00a0\u00bb1&Prime; admin_label=\u00a0\u00bbDivider Section\u00a0\u00bb _builder_version=\u00a0\u00bb3.22&Prime; background_color=\u00a0\u00bb#1e1d1c\u00a0\u00bb custom_padding=\u00a0\u00bb0px||0px|\u00a0\u00bb][\/et_pb_section][et_pb_section fb_built=\u00a0\u00bb1&Prime; admin_label=\u00a0\u00bbGallery Section\u00a0\u00bb _builder_version=\u00a0\u00bb3.22&Prime; custom_padding=\u00a0\u00bb22px|0px|0px|0px||\u00a0\u00bb][et_pb_row column_structure=\u00a0\u00bb1_3,1_3,1_3&Prime; use_custom_gutter=\u00a0\u00bbon\u00a0\u00bb gutter_width=\u00a0\u00bb2&Prime; _builder_version=\u00a0\u00bb3.25&Prime; max_width=\u00a0\u00bb1440px\u00a0\u00bb custom_padding=\u00a0\u00bb||11px|||\u00a0\u00bb use_custom_width=\u00a0\u00bbon\u00a0\u00bb custom_width_px=\u00a0\u00bb1440px\u00a0\u00bb][et_pb_column type=\u00a0\u00bb1_3&Prime; _builder_version=\u00a0\u00bb4.3.2&Prime;][et_pb_gallery gallery_ids=\u00a0\u00bb8840&Prime; posts_number=\u00a0\u00bb1&Prime; show_pagination=\u00a0\u00bboff\u00a0\u00bb hover_icon=\u00a0\u00bb%%100%%\u00a0\u00bb _builder_version=\u00a0\u00bb4.9.1&Prime; text_orientation=\u00a0\u00bbcenter\u00a0\u00bb][\/et_pb_gallery][\/et_pb_column][et_pb_column type=\u00a0\u00bb1_3&Prime; _builder_version=\u00a0\u00bb3.25&Prime; custom_padding=\u00a0\u00bb|||\u00a0\u00bb custom_padding__hover=\u00a0\u00bb|||\u00a0\u00bb][et_pb_gallery gallery_ids=\u00a0\u00bb8841&Prime; posts_number=\u00a0\u00bb1&Prime; show_pagination=\u00a0\u00bboff\u00a0\u00bb hover_icon=\u00a0\u00bb%%100%%\u00a0\u00bb _builder_version=\u00a0\u00bb4.9.1&Prime; text_orientation=\u00a0\u00bbcenter\u00a0\u00bb][\/et_pb_gallery][\/et_pb_column][et_pb_column type=\u00a0\u00bb1_3&Prime; _builder_version=\u00a0\u00bb4.3.2&Prime;][et_pb_gallery gallery_ids=\u00a0\u00bb8842&Prime; posts_number=\u00a0\u00bb1&Prime; show_pagination=\u00a0\u00bboff\u00a0\u00bb hover_icon=\u00a0\u00bb%%100%%\u00a0\u00bb _builder_version=\u00a0\u00bb4.9.1&Prime;][\/et_pb_gallery][et_pb_gallery gallery_ids=\u00a0\u00bb2357,2356,2355,2354,2353,2352,2351,2350,2349,2348,2347,2346,2345,2344,2343,2342,2341&Prime; posts_number=\u00a0\u00bb1&Prime; show_pagination=\u00a0\u00bboff\u00a0\u00bb hover_icon=\u00a0\u00bb%%100%%\u00a0\u00bb admin_label=\u00a0\u00bbLes Podiums\u00a0\u00bb _builder_version=\u00a0\u00bb4.3.2&Prime; custom_padding=\u00a0\u00bb||4px|||\u00a0\u00bb animation_style=\u00a0\u00bbzoom\u00a0\u00bb][\/et_pb_gallery][\/et_pb_column][\/et_pb_row][et_pb_row use_custom_gutter=\u00a0\u00bbon\u00a0\u00bb gutter_width=\u00a0\u00bb2&Prime; _builder_version=\u00a0\u00bb3.25&Prime; max_width=\u00a0\u00bb1440px\u00a0\u00bb custom_padding=\u00a0\u00bb8px|||||\u00a0\u00bb use_custom_width=\u00a0\u00bbon\u00a0\u00bb custom_width_px=\u00a0\u00bb1440px\u00a0\u00bb][et_pb_column type=\u00a0\u00bb4_4&Prime; _builder_version=\u00a0\u00bb4.3.2&Prime;][et_pb_image src=\u00a0\u00bbhttp:\/\/motoclub-glenac.com\/wp-content\/uploads\/2021\/10\/2021-08-30-Ouest-France.png\u00a0\u00bb title_text=\u00a0\u00bb2021 08 30 Ouest-France\u00a0\u00bb _builder_version=\u00a0\u00bb4.9.1&Prime; _module_preset=\u00a0\u00bbdefault\u00a0\u00bb hover_enabled=\u00a0\u00bb0&Prime; custom_margin=\u00a0\u00bb|||98px|false|false\u00a0\u00bb sticky_enabled=\u00a0\u00bb0&Prime;][\/et_pb_image][et_pb_image src=\u00a0\u00bbhttp:\/\/motoclub-glenac.com\/wp-content\/uploads\/2021\/10\/2021-08-29-Les-Infos-Haut.png\u00a0\u00bb title_text=\u00a0\u00bb2021 08 29 &#8211; Les Infos &#8211; Haut\u00a0\u00bb _builder_version=\u00a0\u00bb4.9.1&Prime; _module_preset=\u00a0\u00bbdefault\u00a0\u00bb][\/et_pb_image][et_pb_image src=\u00a0\u00bbhttp:\/\/motoclub-glenac.com\/wp-content\/uploads\/2021\/10\/2021-08-29-Les-Infos-bas.png\u00a0\u00bb title_text=\u00a0\u00bb2021 08 29 &#8211; Les Infos &#8211; bas\u00a0\u00bb _builder_version=\u00a0\u00bb4.9.1&Prime; _module_preset=\u00a0\u00bbdefault\u00a0\u00bb custom_padding=\u00a0\u00bb0px|||||\u00a0\u00bb][\/et_pb_image][et_pb_gallery gallery_ids=\u00a0\u00bb2357,2356,2355,2354,2353,2352,2351,2350,2349,2348,2347,2346,2345,2344,2343,2342,2341&Prime; posts_number=\u00a0\u00bb1&Prime; show_pagination=\u00a0\u00bboff\u00a0\u00bb hover_icon=\u00a0\u00bb%%100%%\u00a0\u00bb admin_label=\u00a0\u00bbLes Podiums\u00a0\u00bb _builder_version=\u00a0\u00bb4.3.2&Prime; custom_padding=\u00a0\u00bb||4px|||\u00a0\u00bb animation_style=\u00a0\u00bbzoom\u00a0\u00bb][\/et_pb_gallery][\/et_pb_column][\/et_pb_row][et_pb_row _builder_version=\u00a0\u00bb3.25&Prime;][et_pb_column type=\u00a0\u00bb4_4&Prime; _builder_version=\u00a0\u00bb3.25&Prime; custom_padding=\u00a0\u00bb|||\u00a0\u00bb custom_padding__hover=\u00a0\u00bb|||\u00a0\u00bb][et_pb_button button_url=\u00a0\u00bbhttps:\/\/www.facebook.com\/Moto-club-gl%C3%A9nac-165660993445703\/\u00a0\u00bb url_new_window=\u00a0\u00bbon\u00a0\u00bb button_text=\u00a0\u00bbvoir plus \u00a0\u00bb button_alignment=\u00a0\u00bbcenter\u00a0\u00bb _builder_version=\u00a0\u00bb3.16&Prime; custom_button=\u00a0\u00bbon\u00a0\u00bb button_text_size=\u00a0\u00bb15px\u00a0\u00bb button_text_color=\u00a0\u00bb#ffffff\u00a0\u00bb button_bg_color=\u00a0\u00bb#dca47d\u00a0\u00bb button_border_width=\u00a0\u00bb10px\u00a0\u00bb button_border_color=\u00a0\u00bb#dca47d\u00a0\u00bb button_border_radius=\u00a0\u00bb0px\u00a0\u00bb button_letter_spacing=\u00a0\u00bb3px\u00a0\u00bb button_font=\u00a0\u00bbOswald|||on|\u00a0\u00bb button_use_icon=\u00a0\u00bboff\u00a0\u00bb custom_margin=\u00a0\u00bb|||\u00a0\u00bb custom_padding=\u00a0\u00bb|||\u00a0\u00bb animation_style=\u00a0\u00bbfade\u00a0\u00bb animation_delay=\u00a0\u00bb400ms\u00a0\u00bb button_border_color_hover=\u00a0\u00bb#c99872&Prime; button_border_radius_hover=\u00a0\u00bb0px\u00a0\u00bb button_letter_spacing_hover=\u00a0\u00bb3px\u00a0\u00bb button_bg_color_hover=\u00a0\u00bb#c99872&Prime; locked=\u00a0\u00bboff\u00a0\u00bb button_text_size__hover_enabled=\u00a0\u00bboff\u00a0\u00bb button_one_text_size__hover_enabled=\u00a0\u00bboff\u00a0\u00bb button_two_text_size__hover_enabled=\u00a0\u00bboff\u00a0\u00bb button_text_color__hover_enabled=\u00a0\u00bboff\u00a0\u00bb button_one_text_color__hover_enabled=\u00a0\u00bboff\u00a0\u00bb button_two_text_color__hover_enabled=\u00a0\u00bboff\u00a0\u00bb button_border_width__hover_enabled=\u00a0\u00bboff\u00a0\u00bb button_one_border_width__hover_enabled=\u00a0\u00bboff\u00a0\u00bb button_two_border_width__hover_enabled=\u00a0\u00bboff\u00a0\u00bb button_border_color__hover_enabled=\u00a0\u00bbon\u00a0\u00bb button_border_color__hover=\u00a0\u00bb#c99872&Prime; button_one_border_color__hover_enabled=\u00a0\u00bboff\u00a0\u00bb button_two_border_color__hover_enabled=\u00a0\u00bboff\u00a0\u00bb button_border_radius__hover_enabled=\u00a0\u00bbon\u00a0\u00bb button_border_radius__hover=\u00a0\u00bb0px\u00a0\u00bb button_one_border_radius__hover_enabled=\u00a0\u00bboff\u00a0\u00bb button_two_border_radius__hover_enabled=\u00a0\u00bboff\u00a0\u00bb button_letter_spacing__hover_enabled=\u00a0\u00bbon\u00a0\u00bb button_letter_spacing__hover=\u00a0\u00bb3px\u00a0\u00bb button_one_letter_spacing__hover_enabled=\u00a0\u00bboff\u00a0\u00bb button_two_letter_spacing__hover_enabled=\u00a0\u00bboff\u00a0\u00bb button_bg_color__hover_enabled=\u00a0\u00bbon\u00a0\u00bb button_bg_color__hover=\u00a0\u00bb#c99872&Prime; button_one_bg_color__hover_enabled=\u00a0\u00bboff\u00a0\u00bb button_two_bg_color__hover_enabled=\u00a0\u00bboff\u00a0\u00bb][\/et_pb_button][\/et_pb_column][\/et_pb_row][\/et_pb_section]<\/p>\n","protected":false},"excerpt":{"rendered":"<p>29 ao\u00fbt 2021 21 et 22 \u00e8me Championnat de France sur le circuit de Branf\u00e9r\u00e9 \u00e0 Gl\u00e9nacMOTOCROSS\u00a0 GL\u00c9NAC 29 ao\u00fbt 2021Le Championnat de France 450, machine de classe 3, 450cc 4 temps ou 250cc 2 temps, en 2 manches de 25 minutes plus 1 tour. Le Championnat de France 250, machine de classe 2, 250cc [&hellip;]<\/p>\n","protected":false},"author":1,"featured_media":0,"parent":7643,"menu_order":0,"comment_status":"closed","ping_status":"closed","template":"","meta":{"_et_pb_use_builder":"on","_et_pb_old_content":"","_et_gb_content_width":""},"_links":{"self":[{"href":"http:\/\/motoclub-glenac.com\/index.php?rest_route=\/wp\/v2\/pages\/8814"}],"collection":[{"href":"http:\/\/motoclub-glenac.com\/index.php?rest_route=\/wp\/v2\/pages"}],"about":[{"href":"http:\/\/motoclub-glenac.com\/index.php?rest_route=\/wp\/v2\/types\/page"}],"author":[{"embeddable":true,"href":"http:\/\/motoclub-glenac.com\/index.php?rest_route=\/wp\/v2\/users\/1"}],"replies":[{"embeddable":true,"href":"http:\/\/motoclub-glenac.com\/index.php?rest_route=%2Fwp%2Fv2%2Fcomments&post=8814"}],"version-history":[{"count":25,"href":"http:\/\/motoclub-glenac.com\/index.php?rest_route=\/wp\/v2\/pages\/8814\/revisions"}],"predecessor-version":[{"id":8892,"href":"http:\/\/motoclub-glenac.com\/index.php?rest_route=\/wp\/v2\/pages\/8814\/revisions\/8892"}],"up":[{"embeddable":true,"href":"http:\/\/motoclub-glenac.com\/index.php?rest_route=\/wp\/v2\/pages\/7643"}],"wp:attachment":[{"href":"http:\/\/motoclub-glenac.com\/index.php?rest_route=%2Fwp%2Fv2%2Fmedia&parent=8814"}],"curies":[{"name":"wp","href":"https:\/\/api.w.org\/{rel}","templated":true}]}}