{"id":9310,"date":"2022-04-13T15:18:21","date_gmt":"2022-04-13T13:18:21","guid":{"rendered":"http:\/\/motoclub-glenac.com\/?page_id=9310"},"modified":"2023-02-17T15:19:56","modified_gmt":"2023-02-17T14:19:56","slug":"france-250-et-450","status":"publish","type":"page","link":"http:\/\/motoclub-glenac.com\/?page_id=9310","title":{"rendered":"France 250 et 450"},"content":{"rendered":"<p>[et_pb_section fb_built=\u00a0\u00bb1&Prime; admin_label=\u00a0\u00bbPage Title Section\u00a0\u00bb _builder_version=\u00a0\u00bb4.9.1&Prime; use_background_color_gradient=\u00a0\u00bbon\u00a0\u00bb background_color_gradient_start=\u00a0\u00bb#000000&Prime; background_color_gradient_end=\u00a0\u00bbrgba(0,0,0,0)\u00a0\u00bb background_color_gradient_overlays_image=\u00a0\u00bbon\u00a0\u00bb background_image=\u00a0\u00bbhttp:\/\/motoclub-glenac.com\/wp-content\/uploads\/2021\/10\/vlcsnap-2021-10-09-18h26m07s387.png\u00a0\u00bb custom_padding=\u00a0\u00bb110px||0px|\u00a0\u00bb locked=\u00a0\u00bboff\u00a0\u00bb][et_pb_row column_structure=\u00a0\u00bb3_4,1_4&Prime; _builder_version=\u00a0\u00bb4.3.2&Prime; background_size=\u00a0\u00bbinitial\u00a0\u00bb background_position=\u00a0\u00bbtop_left\u00a0\u00bb background_repeat=\u00a0\u00bbrepeat\u00a0\u00bb width=\u00a0\u00bb100%\u00a0\u00bb max_width=\u00a0\u00bb1320px\u00a0\u00bb custom_padding=\u00a0\u00bb49px|0px|0px|0px||\u00a0\u00bb][et_pb_column type=\u00a0\u00bb3_4&Prime; _builder_version=\u00a0\u00bb3.25&Prime; custom_padding=\u00a0\u00bb|||\u00a0\u00bb custom_padding__hover=\u00a0\u00bb|||\u00a0\u00bb][et_pb_text admin_label=\u00a0\u00bbTitle\u00a0\u00bb _builder_version=\u00a0\u00bb4.9.1&Prime; text_font=\u00a0\u00bb||||||||\u00a0\u00bb header_font=\u00a0\u00bbPoppins|600|||||||\u00a0\u00bb header_font_size=\u00a0\u00bb60px\u00a0\u00bb header_line_height=\u00a0\u00bb1.2em\u00a0\u00bb header_2_font=\u00a0\u00bb||||||||\u00a0\u00bb header_2_font_size=\u00a0\u00bb60px\u00a0\u00bb background_layout=\u00a0\u00bbdark\u00a0\u00bb custom_margin=\u00a0\u00bb||20px|100px|false|false\u00a0\u00bb custom_padding=\u00a0\u00bb|||\u00a0\u00bb animation_style=\u00a0\u00bbfade\u00a0\u00bb header_font_size_tablet=\u00a0\u00bb\u00a0\u00bb header_font_size_phone=\u00a0\u00bb40px\u00a0\u00bb header_font_size_last_edited=\u00a0\u00bbon|phone\u00a0\u00bb]<\/p>\n<h1>27 mars 2022<span style=\"font-size: medium;\"> <\/span><span style=\"font-size: medium;\"><\/span><\/h1>\n<p>23 et 24 \u00e8me Championnat de France sur le circuit de Branf\u00e9r\u00e9 \u00e0 Gl\u00e9nac<\/p>\n<p>[\/et_pb_text][\/et_pb_column][et_pb_column type=\u00a0\u00bb1_4&Prime; _builder_version=\u00a0\u00bb4.3.2&Prime;][et_pb_slider show_arrows=\u00a0\u00bboff\u00a0\u00bb show_pagination=\u00a0\u00bboff\u00a0\u00bb show_content_on_mobile=\u00a0\u00bboff\u00a0\u00bb show_image_video_mobile=\u00a0\u00bbon\u00a0\u00bb _builder_version=\u00a0\u00bb4.3.2&Prime; header_font=\u00a0\u00bb|300|||||||\u00a0\u00bb body_font=\u00a0\u00bbPoppins||on||||||\u00a0\u00bb body_font_size=\u00a0\u00bb24px\u00a0\u00bb body_line_height=\u00a0\u00bb1.8em\u00a0\u00bb background_color=\u00a0\u00bbrgba(40,38,36,0)\u00a0\u00bb width=\u00a0\u00bb69%\u00a0\u00bb module_alignment=\u00a0\u00bbcenter\u00a0\u00bb min_height=\u00a0\u00bb228px\u00a0\u00bb custom_margin=\u00a0\u00bb0px|||0px|false|false\u00a0\u00bb custom_padding=\u00a0\u00bb0px||0px|0px|false|false\u00a0\u00bb auto=\u00a0\u00bbon\u00a0\u00bb auto_speed=\u00a0\u00bb5000&Prime; auto_ignore_hover=\u00a0\u00bbon\u00a0\u00bb show_inner_shadow=\u00a0\u00bboff\u00a0\u00bb locked=\u00a0\u00bboff\u00a0\u00bb button_text_size__hover_enabled=\u00a0\u00bboff\u00a0\u00bb button_one_text_size__hover_enabled=\u00a0\u00bboff\u00a0\u00bb button_two_text_size__hover_enabled=\u00a0\u00bboff\u00a0\u00bb button_text_color__hover_enabled=\u00a0\u00bboff\u00a0\u00bb button_one_text_color__hover_enabled=\u00a0\u00bboff\u00a0\u00bb button_two_text_color__hover_enabled=\u00a0\u00bboff\u00a0\u00bb button_border_width__hover_enabled=\u00a0\u00bboff\u00a0\u00bb button_one_border_width__hover_enabled=\u00a0\u00bboff\u00a0\u00bb button_two_border_width__hover_enabled=\u00a0\u00bboff\u00a0\u00bb button_border_color__hover_enabled=\u00a0\u00bboff\u00a0\u00bb button_one_border_color__hover_enabled=\u00a0\u00bboff\u00a0\u00bb button_two_border_color__hover_enabled=\u00a0\u00bboff\u00a0\u00bb button_border_radius__hover_enabled=\u00a0\u00bboff\u00a0\u00bb button_one_border_radius__hover_enabled=\u00a0\u00bboff\u00a0\u00bb button_two_border_radius__hover_enabled=\u00a0\u00bboff\u00a0\u00bb button_letter_spacing__hover_enabled=\u00a0\u00bboff\u00a0\u00bb button_one_letter_spacing__hover_enabled=\u00a0\u00bboff\u00a0\u00bb button_two_letter_spacing__hover_enabled=\u00a0\u00bboff\u00a0\u00bb button_bg_color__hover_enabled=\u00a0\u00bboff\u00a0\u00bb button_one_bg_color__hover_enabled=\u00a0\u00bboff\u00a0\u00bb button_two_bg_color__hover_enabled=\u00a0\u00bboff\u00a0\u00bb][et_pb_slide image=\u00a0\u00bbhttp:\/\/motoclub-glenac.com\/wp-content\/uploads\/2020\/04\/GUEHENNEUX-PH-80&#215;100-1.png\u00a0\u00bb admin_title=\u00a0\u00bbGu\u00e9h\u00e9neux \u00a0\u00bb _builder_version=\u00a0\u00bb4.3.2&Prime; link_option_url=\u00a0\u00bb^http:\/\/www.menuiserie-jr.com\/\u00a0\u00bb locked=\u00a0\u00bboff\u00a0\u00bb button_text_size__hover_enabled=\u00a0\u00bboff\u00a0\u00bb button_one_text_size__hover_enabled=\u00a0\u00bboff\u00a0\u00bb button_two_text_size__hover_enabled=\u00a0\u00bboff\u00a0\u00bb button_text_color__hover_enabled=\u00a0\u00bboff\u00a0\u00bb button_one_text_color__hover_enabled=\u00a0\u00bboff\u00a0\u00bb button_two_text_color__hover_enabled=\u00a0\u00bboff\u00a0\u00bb button_border_width__hover_enabled=\u00a0\u00bboff\u00a0\u00bb button_one_border_width__hover_enabled=\u00a0\u00bboff\u00a0\u00bb button_two_border_width__hover_enabled=\u00a0\u00bboff\u00a0\u00bb button_border_color__hover_enabled=\u00a0\u00bboff\u00a0\u00bb button_one_border_color__hover_enabled=\u00a0\u00bboff\u00a0\u00bb button_two_border_color__hover_enabled=\u00a0\u00bboff\u00a0\u00bb button_border_radius__hover_enabled=\u00a0\u00bboff\u00a0\u00bb button_one_border_radius__hover_enabled=\u00a0\u00bboff\u00a0\u00bb button_two_border_radius__hover_enabled=\u00a0\u00bboff\u00a0\u00bb button_letter_spacing__hover_enabled=\u00a0\u00bboff\u00a0\u00bb button_one_letter_spacing__hover_enabled=\u00a0\u00bboff\u00a0\u00bb button_two_letter_spacing__hover_enabled=\u00a0\u00bboff\u00a0\u00bb button_bg_color__hover_enabled=\u00a0\u00bboff\u00a0\u00bb button_one_bg_color__hover_enabled=\u00a0\u00bboff\u00a0\u00bb button_two_bg_color__hover_enabled=\u00a0\u00bboff\u00a0\u00bb sticky_transition=\u00a0\u00bbon\u00a0\u00bb][\/et_pb_slide][et_pb_slide image=\u00a0\u00bbhttp:\/\/motoclub-glenac.com\/wp-content\/uploads\/2020\/04\/taxis-de-laff.png\u00a0\u00bb admin_title=\u00a0\u00bbTaxis de l&rsquo;Aff\u00a0\u00bb _builder_version=\u00a0\u00bb4.3.2&Prime; link_option_url=\u00a0\u00bbhttps:\/\/www.taxisdelaff.fr\/\u00a0\u00bb locked=\u00a0\u00bboff\u00a0\u00bb button_text_size__hover_enabled=\u00a0\u00bboff\u00a0\u00bb button_one_text_size__hover_enabled=\u00a0\u00bboff\u00a0\u00bb button_two_text_size__hover_enabled=\u00a0\u00bboff\u00a0\u00bb button_text_color__hover_enabled=\u00a0\u00bboff\u00a0\u00bb button_one_text_color__hover_enabled=\u00a0\u00bboff\u00a0\u00bb button_two_text_color__hover_enabled=\u00a0\u00bboff\u00a0\u00bb button_border_width__hover_enabled=\u00a0\u00bboff\u00a0\u00bb button_one_border_width__hover_enabled=\u00a0\u00bboff\u00a0\u00bb button_two_border_width__hover_enabled=\u00a0\u00bboff\u00a0\u00bb button_border_color__hover_enabled=\u00a0\u00bboff\u00a0\u00bb button_one_border_color__hover_enabled=\u00a0\u00bboff\u00a0\u00bb button_two_border_color__hover_enabled=\u00a0\u00bboff\u00a0\u00bb button_border_radius__hover_enabled=\u00a0\u00bboff\u00a0\u00bb button_one_border_radius__hover_enabled=\u00a0\u00bboff\u00a0\u00bb button_two_border_radius__hover_enabled=\u00a0\u00bboff\u00a0\u00bb button_letter_spacing__hover_enabled=\u00a0\u00bboff\u00a0\u00bb button_one_letter_spacing__hover_enabled=\u00a0\u00bboff\u00a0\u00bb button_two_letter_spacing__hover_enabled=\u00a0\u00bboff\u00a0\u00bb button_bg_color__hover_enabled=\u00a0\u00bboff\u00a0\u00bb button_one_bg_color__hover_enabled=\u00a0\u00bboff\u00a0\u00bb button_two_bg_color__hover_enabled=\u00a0\u00bboff\u00a0\u00bb sticky_transition=\u00a0\u00bbon\u00a0\u00bb][\/et_pb_slide][et_pb_slide image=\u00a0\u00bbhttp:\/\/motoclub-glenac.com\/wp-content\/uploads\/2020\/04\/Tartines-et-Bouchons-100&#215;100-1.png\u00a0\u00bb admin_title=\u00a0\u00bbTartines et Bouchons\u00a0\u00bb _builder_version=\u00a0\u00bb4.3.2&Prime; link_option_url=\u00a0\u00bbhttps:\/\/www.facebook.com\/Tartine-et-Bouchons-restaurant-atypique-164356813606709\/\u00a0\u00bb locked=\u00a0\u00bboff\u00a0\u00bb button_text_size__hover_enabled=\u00a0\u00bboff\u00a0\u00bb button_one_text_size__hover_enabled=\u00a0\u00bboff\u00a0\u00bb button_two_text_size__hover_enabled=\u00a0\u00bboff\u00a0\u00bb button_text_color__hover_enabled=\u00a0\u00bboff\u00a0\u00bb button_one_text_color__hover_enabled=\u00a0\u00bboff\u00a0\u00bb button_two_text_color__hover_enabled=\u00a0\u00bboff\u00a0\u00bb button_border_width__hover_enabled=\u00a0\u00bboff\u00a0\u00bb button_one_border_width__hover_enabled=\u00a0\u00bboff\u00a0\u00bb button_two_border_width__hover_enabled=\u00a0\u00bboff\u00a0\u00bb button_border_color__hover_enabled=\u00a0\u00bboff\u00a0\u00bb button_one_border_color__hover_enabled=\u00a0\u00bboff\u00a0\u00bb button_two_border_color__hover_enabled=\u00a0\u00bboff\u00a0\u00bb button_border_radius__hover_enabled=\u00a0\u00bboff\u00a0\u00bb button_one_border_radius__hover_enabled=\u00a0\u00bboff\u00a0\u00bb button_two_border_radius__hover_enabled=\u00a0\u00bboff\u00a0\u00bb button_letter_spacing__hover_enabled=\u00a0\u00bboff\u00a0\u00bb button_one_letter_spacing__hover_enabled=\u00a0\u00bboff\u00a0\u00bb button_two_letter_spacing__hover_enabled=\u00a0\u00bboff\u00a0\u00bb button_bg_color__hover_enabled=\u00a0\u00bboff\u00a0\u00bb button_one_bg_color__hover_enabled=\u00a0\u00bboff\u00a0\u00bb button_two_bg_color__hover_enabled=\u00a0\u00bboff\u00a0\u00bb sticky_transition=\u00a0\u00bbon\u00a0\u00bb][\/et_pb_slide][et_pb_slide image=\u00a0\u00bbhttp:\/\/motoclub-glenac.com\/wp-content\/uploads\/2018\/03\/index.png\u00a0\u00bb admin_title=\u00a0\u00bbSaget\u00a0\u00bb _builder_version=\u00a0\u00bb4.3.2&Prime; link_option_url=\u00a0\u00bbhttps:\/\/www.francoisesaget.com\/fr-fr\/\u00a0\u00bb locked=\u00a0\u00bboff\u00a0\u00bb button_text_size__hover_enabled=\u00a0\u00bboff\u00a0\u00bb button_one_text_size__hover_enabled=\u00a0\u00bboff\u00a0\u00bb button_two_text_size__hover_enabled=\u00a0\u00bboff\u00a0\u00bb button_text_color__hover_enabled=\u00a0\u00bboff\u00a0\u00bb button_one_text_color__hover_enabled=\u00a0\u00bboff\u00a0\u00bb button_two_text_color__hover_enabled=\u00a0\u00bboff\u00a0\u00bb button_border_width__hover_enabled=\u00a0\u00bboff\u00a0\u00bb button_one_border_width__hover_enabled=\u00a0\u00bboff\u00a0\u00bb button_two_border_width__hover_enabled=\u00a0\u00bboff\u00a0\u00bb button_border_color__hover_enabled=\u00a0\u00bboff\u00a0\u00bb button_one_border_color__hover_enabled=\u00a0\u00bboff\u00a0\u00bb button_two_border_color__hover_enabled=\u00a0\u00bboff\u00a0\u00bb button_border_radius__hover_enabled=\u00a0\u00bboff\u00a0\u00bb button_one_border_radius__hover_enabled=\u00a0\u00bboff\u00a0\u00bb button_two_border_radius__hover_enabled=\u00a0\u00bboff\u00a0\u00bb button_letter_spacing__hover_enabled=\u00a0\u00bboff\u00a0\u00bb button_one_letter_spacing__hover_enabled=\u00a0\u00bboff\u00a0\u00bb button_two_letter_spacing__hover_enabled=\u00a0\u00bboff\u00a0\u00bb button_bg_color__hover_enabled=\u00a0\u00bboff\u00a0\u00bb button_one_bg_color__hover_enabled=\u00a0\u00bboff\u00a0\u00bb button_two_bg_color__hover_enabled=\u00a0\u00bboff\u00a0\u00bb sticky_transition=\u00a0\u00bbon\u00a0\u00bb][\/et_pb_slide][et_pb_slide image=\u00a0\u00bbhttp:\/\/motoclub-glenac.com\/wp-content\/uploads\/2020\/05\/Logo-SUPER-U-CARENTOIR.png\u00a0\u00bb admin_title=\u00a0\u00bbSuper U\u00a0\u00bb _builder_version=\u00a0\u00bb4.3.2&Prime; link_option_url=\u00a0\u00bbhttps:\/\/www.magasins-u.com\/magasin\/superu-carentoir\u00a0\u00bb locked=\u00a0\u00bboff\u00a0\u00bb button_text_size__hover_enabled=\u00a0\u00bboff\u00a0\u00bb button_one_text_size__hover_enabled=\u00a0\u00bboff\u00a0\u00bb button_two_text_size__hover_enabled=\u00a0\u00bboff\u00a0\u00bb button_text_color__hover_enabled=\u00a0\u00bboff\u00a0\u00bb button_one_text_color__hover_enabled=\u00a0\u00bboff\u00a0\u00bb button_two_text_color__hover_enabled=\u00a0\u00bboff\u00a0\u00bb button_border_width__hover_enabled=\u00a0\u00bboff\u00a0\u00bb button_one_border_width__hover_enabled=\u00a0\u00bboff\u00a0\u00bb button_two_border_width__hover_enabled=\u00a0\u00bboff\u00a0\u00bb button_border_color__hover_enabled=\u00a0\u00bboff\u00a0\u00bb button_one_border_color__hover_enabled=\u00a0\u00bboff\u00a0\u00bb button_two_border_color__hover_enabled=\u00a0\u00bboff\u00a0\u00bb button_border_radius__hover_enabled=\u00a0\u00bboff\u00a0\u00bb button_one_border_radius__hover_enabled=\u00a0\u00bboff\u00a0\u00bb button_two_border_radius__hover_enabled=\u00a0\u00bboff\u00a0\u00bb button_letter_spacing__hover_enabled=\u00a0\u00bboff\u00a0\u00bb button_one_letter_spacing__hover_enabled=\u00a0\u00bboff\u00a0\u00bb button_two_letter_spacing__hover_enabled=\u00a0\u00bboff\u00a0\u00bb button_bg_color__hover_enabled=\u00a0\u00bboff\u00a0\u00bb button_one_bg_color__hover_enabled=\u00a0\u00bboff\u00a0\u00bb button_two_bg_color__hover_enabled=\u00a0\u00bboff\u00a0\u00bb sticky_transition=\u00a0\u00bbon\u00a0\u00bb][\/et_pb_slide][et_pb_slide image=\u00a0\u00bbhttp:\/\/motoclub-glenac.com\/wp-content\/uploads\/2018\/03\/default.jpg\u00a0\u00bb admin_title=\u00a0\u00bbJean Gorin\u00a0\u00bb _builder_version=\u00a0\u00bb4.3.2&Prime; link_option_url=\u00a0\u00bbhttps:\/\/www.meublesgorin.fr\/\u00a0\u00bb locked=\u00a0\u00bboff\u00a0\u00bb button_text_size__hover_enabled=\u00a0\u00bboff\u00a0\u00bb button_one_text_size__hover_enabled=\u00a0\u00bboff\u00a0\u00bb button_two_text_size__hover_enabled=\u00a0\u00bboff\u00a0\u00bb button_text_color__hover_enabled=\u00a0\u00bboff\u00a0\u00bb button_one_text_color__hover_enabled=\u00a0\u00bboff\u00a0\u00bb button_two_text_color__hover_enabled=\u00a0\u00bboff\u00a0\u00bb button_border_width__hover_enabled=\u00a0\u00bboff\u00a0\u00bb button_one_border_width__hover_enabled=\u00a0\u00bboff\u00a0\u00bb button_two_border_width__hover_enabled=\u00a0\u00bboff\u00a0\u00bb button_border_color__hover_enabled=\u00a0\u00bboff\u00a0\u00bb button_one_border_color__hover_enabled=\u00a0\u00bboff\u00a0\u00bb button_two_border_color__hover_enabled=\u00a0\u00bboff\u00a0\u00bb button_border_radius__hover_enabled=\u00a0\u00bboff\u00a0\u00bb button_one_border_radius__hover_enabled=\u00a0\u00bboff\u00a0\u00bb button_two_border_radius__hover_enabled=\u00a0\u00bboff\u00a0\u00bb button_letter_spacing__hover_enabled=\u00a0\u00bboff\u00a0\u00bb button_one_letter_spacing__hover_enabled=\u00a0\u00bboff\u00a0\u00bb button_two_letter_spacing__hover_enabled=\u00a0\u00bboff\u00a0\u00bb button_bg_color__hover_enabled=\u00a0\u00bboff\u00a0\u00bb button_one_bg_color__hover_enabled=\u00a0\u00bboff\u00a0\u00bb button_two_bg_color__hover_enabled=\u00a0\u00bboff\u00a0\u00bb sticky_transition=\u00a0\u00bbon\u00a0\u00bb][\/et_pb_slide][et_pb_slide image=\u00a0\u00bbhttp:\/\/motoclub-glenac.com\/wp-content\/uploads\/2019\/02\/Sarl-Crete-Agri-environnement.png\u00a0\u00bb admin_title=\u00a0\u00bbCr\u00e9t\u00e9\u00a0\u00bb _builder_version=\u00a0\u00bb4.3.2&Prime; link_option_url=\u00a0\u00bbhttps:\/\/www.crete.bzh\/\u00a0\u00bb locked=\u00a0\u00bboff\u00a0\u00bb button_text_size__hover_enabled=\u00a0\u00bboff\u00a0\u00bb button_one_text_size__hover_enabled=\u00a0\u00bboff\u00a0\u00bb button_two_text_size__hover_enabled=\u00a0\u00bboff\u00a0\u00bb button_text_color__hover_enabled=\u00a0\u00bboff\u00a0\u00bb button_one_text_color__hover_enabled=\u00a0\u00bboff\u00a0\u00bb button_two_text_color__hover_enabled=\u00a0\u00bboff\u00a0\u00bb button_border_width__hover_enabled=\u00a0\u00bboff\u00a0\u00bb button_one_border_width__hover_enabled=\u00a0\u00bboff\u00a0\u00bb button_two_border_width__hover_enabled=\u00a0\u00bboff\u00a0\u00bb button_border_color__hover_enabled=\u00a0\u00bboff\u00a0\u00bb button_one_border_color__hover_enabled=\u00a0\u00bboff\u00a0\u00bb button_two_border_color__hover_enabled=\u00a0\u00bboff\u00a0\u00bb button_border_radius__hover_enabled=\u00a0\u00bboff\u00a0\u00bb button_one_border_radius__hover_enabled=\u00a0\u00bboff\u00a0\u00bb button_two_border_radius__hover_enabled=\u00a0\u00bboff\u00a0\u00bb button_letter_spacing__hover_enabled=\u00a0\u00bboff\u00a0\u00bb button_one_letter_spacing__hover_enabled=\u00a0\u00bboff\u00a0\u00bb button_two_letter_spacing__hover_enabled=\u00a0\u00bboff\u00a0\u00bb button_bg_color__hover_enabled=\u00a0\u00bboff\u00a0\u00bb button_one_bg_color__hover_enabled=\u00a0\u00bboff\u00a0\u00bb button_two_bg_color__hover_enabled=\u00a0\u00bboff\u00a0\u00bb sticky_transition=\u00a0\u00bbon\u00a0\u00bb][\/et_pb_slide][et_pb_slide image=\u00a0\u00bbhttp:\/\/motoclub-glenac.com\/wp-content\/uploads\/2020\/05\/france-pare-brise-2020-Internet.png\u00a0\u00bb admin_title=\u00a0\u00bbFrance Pare Brise\u00a0\u00bb _builder_version=\u00a0\u00bb4.3.2&Prime; link_option_url=\u00a0\u00bbhttps:\/\/www.franceparebrise.fr\/pare-brise\/bretagne\/ille-et-vilaine\/redon\u00a0\u00bb locked=\u00a0\u00bboff\u00a0\u00bb button_text_size__hover_enabled=\u00a0\u00bboff\u00a0\u00bb button_one_text_size__hover_enabled=\u00a0\u00bboff\u00a0\u00bb button_two_text_size__hover_enabled=\u00a0\u00bboff\u00a0\u00bb button_text_color__hover_enabled=\u00a0\u00bboff\u00a0\u00bb button_one_text_color__hover_enabled=\u00a0\u00bboff\u00a0\u00bb button_two_text_color__hover_enabled=\u00a0\u00bboff\u00a0\u00bb button_border_width__hover_enabled=\u00a0\u00bboff\u00a0\u00bb button_one_border_width__hover_enabled=\u00a0\u00bboff\u00a0\u00bb button_two_border_width__hover_enabled=\u00a0\u00bboff\u00a0\u00bb button_border_color__hover_enabled=\u00a0\u00bboff\u00a0\u00bb button_one_border_color__hover_enabled=\u00a0\u00bboff\u00a0\u00bb button_two_border_color__hover_enabled=\u00a0\u00bboff\u00a0\u00bb button_border_radius__hover_enabled=\u00a0\u00bboff\u00a0\u00bb button_one_border_radius__hover_enabled=\u00a0\u00bboff\u00a0\u00bb button_two_border_radius__hover_enabled=\u00a0\u00bboff\u00a0\u00bb button_letter_spacing__hover_enabled=\u00a0\u00bboff\u00a0\u00bb button_one_letter_spacing__hover_enabled=\u00a0\u00bboff\u00a0\u00bb button_two_letter_spacing__hover_enabled=\u00a0\u00bboff\u00a0\u00bb button_bg_color__hover_enabled=\u00a0\u00bboff\u00a0\u00bb button_one_bg_color__hover_enabled=\u00a0\u00bboff\u00a0\u00bb button_two_bg_color__hover_enabled=\u00a0\u00bboff\u00a0\u00bb sticky_transition=\u00a0\u00bbon\u00a0\u00bb][\/et_pb_slide][et_pb_slide image=\u00a0\u00bbhttp:\/\/motoclub-glenac.com\/wp-content\/uploads\/2020\/05\/INTERMARCHE-2020.png\u00a0\u00bb admin_title=\u00a0\u00bbIntermarch\u00e9\u00a0\u00bb _builder_version=\u00a0\u00bb4.3.2&Prime; link_option_url=\u00a0\u00bbhttps:\/\/www.intermarche.com\/magasins\/04391\/redon-35600\/infos-pratiques\u00a0\u00bb locked=\u00a0\u00bboff\u00a0\u00bb button_text_size__hover_enabled=\u00a0\u00bboff\u00a0\u00bb button_one_text_size__hover_enabled=\u00a0\u00bboff\u00a0\u00bb button_two_text_size__hover_enabled=\u00a0\u00bboff\u00a0\u00bb button_text_color__hover_enabled=\u00a0\u00bboff\u00a0\u00bb button_one_text_color__hover_enabled=\u00a0\u00bboff\u00a0\u00bb button_two_text_color__hover_enabled=\u00a0\u00bboff\u00a0\u00bb button_border_width__hover_enabled=\u00a0\u00bboff\u00a0\u00bb button_one_border_width__hover_enabled=\u00a0\u00bboff\u00a0\u00bb button_two_border_width__hover_enabled=\u00a0\u00bboff\u00a0\u00bb button_border_color__hover_enabled=\u00a0\u00bboff\u00a0\u00bb button_one_border_color__hover_enabled=\u00a0\u00bboff\u00a0\u00bb button_two_border_color__hover_enabled=\u00a0\u00bboff\u00a0\u00bb button_border_radius__hover_enabled=\u00a0\u00bboff\u00a0\u00bb button_one_border_radius__hover_enabled=\u00a0\u00bboff\u00a0\u00bb button_two_border_radius__hover_enabled=\u00a0\u00bboff\u00a0\u00bb button_letter_spacing__hover_enabled=\u00a0\u00bboff\u00a0\u00bb button_one_letter_spacing__hover_enabled=\u00a0\u00bboff\u00a0\u00bb button_two_letter_spacing__hover_enabled=\u00a0\u00bboff\u00a0\u00bb button_bg_color__hover_enabled=\u00a0\u00bboff\u00a0\u00bb button_one_bg_color__hover_enabled=\u00a0\u00bboff\u00a0\u00bb button_two_bg_color__hover_enabled=\u00a0\u00bboff\u00a0\u00bb sticky_transition=\u00a0\u00bbon\u00a0\u00bb][\/et_pb_slide][et_pb_slide image=\u00a0\u00bbhttp:\/\/motoclub-glenac.com\/wp-content\/uploads\/2018\/03\/9e1ed792d3862b1158cf0d6b4187f30b6f960cc1__nrw5qx.jpg\u00a0\u00bb admin_title=\u00a0\u00bbHochet TP\u00a0\u00bb _builder_version=\u00a0\u00bb4.3.2&Prime; link_option_url=\u00a0\u00bbhttp:\/\/www.hochet-tp.com\/\u00a0\u00bb locked=\u00a0\u00bboff\u00a0\u00bb button_text_size__hover_enabled=\u00a0\u00bboff\u00a0\u00bb button_one_text_size__hover_enabled=\u00a0\u00bboff\u00a0\u00bb button_two_text_size__hover_enabled=\u00a0\u00bboff\u00a0\u00bb button_text_color__hover_enabled=\u00a0\u00bboff\u00a0\u00bb button_one_text_color__hover_enabled=\u00a0\u00bboff\u00a0\u00bb button_two_text_color__hover_enabled=\u00a0\u00bboff\u00a0\u00bb button_border_width__hover_enabled=\u00a0\u00bboff\u00a0\u00bb button_one_border_width__hover_enabled=\u00a0\u00bboff\u00a0\u00bb button_two_border_width__hover_enabled=\u00a0\u00bboff\u00a0\u00bb button_border_color__hover_enabled=\u00a0\u00bboff\u00a0\u00bb button_one_border_color__hover_enabled=\u00a0\u00bboff\u00a0\u00bb button_two_border_color__hover_enabled=\u00a0\u00bboff\u00a0\u00bb button_border_radius__hover_enabled=\u00a0\u00bboff\u00a0\u00bb button_one_border_radius__hover_enabled=\u00a0\u00bboff\u00a0\u00bb button_two_border_radius__hover_enabled=\u00a0\u00bboff\u00a0\u00bb button_letter_spacing__hover_enabled=\u00a0\u00bboff\u00a0\u00bb button_one_letter_spacing__hover_enabled=\u00a0\u00bboff\u00a0\u00bb button_two_letter_spacing__hover_enabled=\u00a0\u00bboff\u00a0\u00bb button_bg_color__hover_enabled=\u00a0\u00bboff\u00a0\u00bb button_one_bg_color__hover_enabled=\u00a0\u00bboff\u00a0\u00bb button_two_bg_color__hover_enabled=\u00a0\u00bboff\u00a0\u00bb sticky_transition=\u00a0\u00bbon\u00a0\u00bb][\/et_pb_slide][et_pb_slide image=\u00a0\u00bbhttp:\/\/motoclub-glenac.com\/wp-content\/uploads\/2020\/05\/RobertTP.png\u00a0\u00bb admin_title=\u00a0\u00bbRobert TP\u00a0\u00bb _builder_version=\u00a0\u00bb4.3.2&Prime; link_option_url=\u00a0\u00bbhttp:\/\/www.roberttatp.com\/\u00a0\u00bb locked=\u00a0\u00bboff\u00a0\u00bb sticky_transition=\u00a0\u00bbon\u00a0\u00bb][\/et_pb_slide][et_pb_slide image=\u00a0\u00bbhttp:\/\/motoclub-glenac.com\/wp-content\/uploads\/2019\/03\/Breiz-loisirs-64&#215;68.png\u00a0\u00bb admin_title=\u00a0\u00bbBreizh Loisirs\u00a0\u00bb _builder_version=\u00a0\u00bb4.3.2&Prime; link_option_url=\u00a0\u00bbhttps:\/\/www.facebook.com\/search\/photos\/?q=breizh%20loisirs&#038;epa=SERP_TAB\u00a0\u00bb locked=\u00a0\u00bboff\u00a0\u00bb button_text_size__hover_enabled=\u00a0\u00bboff\u00a0\u00bb button_one_text_size__hover_enabled=\u00a0\u00bboff\u00a0\u00bb button_two_text_size__hover_enabled=\u00a0\u00bboff\u00a0\u00bb button_text_color__hover_enabled=\u00a0\u00bboff\u00a0\u00bb button_one_text_color__hover_enabled=\u00a0\u00bboff\u00a0\u00bb button_two_text_color__hover_enabled=\u00a0\u00bboff\u00a0\u00bb button_border_width__hover_enabled=\u00a0\u00bboff\u00a0\u00bb button_one_border_width__hover_enabled=\u00a0\u00bboff\u00a0\u00bb button_two_border_width__hover_enabled=\u00a0\u00bboff\u00a0\u00bb button_border_color__hover_enabled=\u00a0\u00bboff\u00a0\u00bb button_one_border_color__hover_enabled=\u00a0\u00bboff\u00a0\u00bb button_two_border_color__hover_enabled=\u00a0\u00bboff\u00a0\u00bb button_border_radius__hover_enabled=\u00a0\u00bboff\u00a0\u00bb button_one_border_radius__hover_enabled=\u00a0\u00bboff\u00a0\u00bb button_two_border_radius__hover_enabled=\u00a0\u00bboff\u00a0\u00bb button_letter_spacing__hover_enabled=\u00a0\u00bboff\u00a0\u00bb button_one_letter_spacing__hover_enabled=\u00a0\u00bboff\u00a0\u00bb button_two_letter_spacing__hover_enabled=\u00a0\u00bboff\u00a0\u00bb button_bg_color__hover_enabled=\u00a0\u00bboff\u00a0\u00bb button_one_bg_color__hover_enabled=\u00a0\u00bboff\u00a0\u00bb button_two_bg_color__hover_enabled=\u00a0\u00bboff\u00a0\u00bb sticky_transition=\u00a0\u00bbon\u00a0\u00bb][\/et_pb_slide][et_pb_slide image=\u00a0\u00bbhttp:\/\/motoclub-glenac.com\/wp-content\/uploads\/2020\/05\/LOCARMOR.jpg\u00a0\u00bb admin_title=\u00a0\u00bbLocarmor\u00a0\u00bb _builder_version=\u00a0\u00bb4.3.2&Prime; link_option_url=\u00a0\u00bbhttps:\/\/www.locarmor.bzh\/agence-de-redon\/\u00a0\u00bb locked=\u00a0\u00bboff\u00a0\u00bb button_text_size__hover_enabled=\u00a0\u00bboff\u00a0\u00bb button_one_text_size__hover_enabled=\u00a0\u00bboff\u00a0\u00bb button_two_text_size__hover_enabled=\u00a0\u00bboff\u00a0\u00bb button_text_color__hover_enabled=\u00a0\u00bboff\u00a0\u00bb button_one_text_color__hover_enabled=\u00a0\u00bboff\u00a0\u00bb button_two_text_color__hover_enabled=\u00a0\u00bboff\u00a0\u00bb button_border_width__hover_enabled=\u00a0\u00bboff\u00a0\u00bb button_one_border_width__hover_enabled=\u00a0\u00bboff\u00a0\u00bb button_two_border_width__hover_enabled=\u00a0\u00bboff\u00a0\u00bb button_border_color__hover_enabled=\u00a0\u00bboff\u00a0\u00bb button_one_border_color__hover_enabled=\u00a0\u00bboff\u00a0\u00bb button_two_border_color__hover_enabled=\u00a0\u00bboff\u00a0\u00bb button_border_radius__hover_enabled=\u00a0\u00bboff\u00a0\u00bb button_one_border_radius__hover_enabled=\u00a0\u00bboff\u00a0\u00bb button_two_border_radius__hover_enabled=\u00a0\u00bboff\u00a0\u00bb button_letter_spacing__hover_enabled=\u00a0\u00bboff\u00a0\u00bb button_one_letter_spacing__hover_enabled=\u00a0\u00bboff\u00a0\u00bb button_two_letter_spacing__hover_enabled=\u00a0\u00bboff\u00a0\u00bb button_bg_color__hover_enabled=\u00a0\u00bboff\u00a0\u00bb button_one_bg_color__hover_enabled=\u00a0\u00bboff\u00a0\u00bb button_two_bg_color__hover_enabled=\u00a0\u00bboff\u00a0\u00bb sticky_transition=\u00a0\u00bbon\u00a0\u00bb][\/et_pb_slide][\/et_pb_slider][\/et_pb_column][\/et_pb_row][\/et_pb_section][et_pb_section fb_built=\u00a0\u00bb1&Prime; admin_label=\u00a0\u00bbAbout Us Section\u00a0\u00bb _builder_version=\u00a0\u00bb3.22&Prime; background_color=\u00a0\u00bb#efe9e4&Prime; custom_padding=\u00a0\u00bb1px||0px|\u00a0\u00bb][et_pb_row admin_label=\u00a0\u00bbAbout Us Area\u00a0\u00bb _builder_version=\u00a0\u00bb3.25&Prime; min_height=\u00a0\u00bb186px\u00a0\u00bb][et_pb_column type=\u00a0\u00bb4_4&Prime; _builder_version=\u00a0\u00bb3.25&Prime; custom_padding=\u00a0\u00bb|||\u00a0\u00bb custom_padding__hover=\u00a0\u00bb|||\u00a0\u00bb][et_pb_text admin_label=\u00a0\u00bbTitle\u00a0\u00bb _builder_version=\u00a0\u00bb4.9.1&Prime; text_font=\u00a0\u00bb||||||||\u00a0\u00bb header_font=\u00a0\u00bb||||||||\u00a0\u00bb header_2_font=\u00a0\u00bbPoppins|600|||||||\u00a0\u00bb header_2_text_align=\u00a0\u00bbcenter\u00a0\u00bb header_2_font_size=\u00a0\u00bb36px\u00a0\u00bb header_2_line_height=\u00a0\u00bb1.2em\u00a0\u00bb max_width=\u00a0\u00bb525px\u00a0\u00bb module_alignment=\u00a0\u00bbcenter\u00a0\u00bb custom_margin=\u00a0\u00bb||0px|\u00a0\u00bb animation_style=\u00a0\u00bbfade\u00a0\u00bb]<\/p>\n<h2>MOTOCROSS\u00a0 GL\u00c9NAC<\/h2>\n<h2>27 mars 2022<\/h2>\n<p>[\/et_pb_text][et_pb_divider color=\u00a0\u00bb#fdb467&Prime; divider_position=\u00a0\u00bbcenter\u00a0\u00bb divider_weight=\u00a0\u00bb3px\u00a0\u00bb _builder_version=\u00a0\u00bb3.2&Prime; max_width=\u00a0\u00bb50px\u00a0\u00bb module_alignment=\u00a0\u00bbcenter\u00a0\u00bb custom_margin=\u00a0\u00bb|||\u00a0\u00bb animation_style=\u00a0\u00bbslide\u00a0\u00bb animation_direction=\u00a0\u00bbtop\u00a0\u00bb animation_intensity_slide=\u00a0\u00bb10%\u00a0\u00bb animation_starting_opacity=\u00a0\u00bb100%\u00a0\u00bb][\/et_pb_divider][et_pb_text _builder_version=\u00a0\u00bb4.9.1&Prime; text_font=\u00a0\u00bbPoppins||||||||\u00a0\u00bb text_font_size=\u00a0\u00bb18px\u00a0\u00bb text_line_height=\u00a0\u00bb1.8em\u00a0\u00bb text_orientation=\u00a0\u00bbcenter\u00a0\u00bb max_width=\u00a0\u00bb750px\u00a0\u00bb module_alignment=\u00a0\u00bbcenter\u00a0\u00bb custom_margin=\u00a0\u00bb|||\u00a0\u00bb custom_padding=\u00a0\u00bb||0px|||\u00a0\u00bb animation_style=\u00a0\u00bbfade\u00a0\u00bb]<\/p>\n<p>Le Championnat de France 450, machine de classe 3, 450<sup>cc<\/sup> 4 temps ou 250<sup>cc<\/sup> 2 temps, en 2 manches de 25 minutes plus 1 tour.<\/p>\n<p>Le Championnat de France 250, machine de classe 2, 250<sup>cc<\/sup> 4 temps ou 150<sup>cc<\/sup>2 temps, en 2 manches de 25 minutes plus 1 tour.<\/p>\n<p>Le TROPHEE , machine de classe 2 ou 3, en 3 manches de 15 minutes plus 1 tour.<\/p>\n<p>[\/et_pb_text][\/et_pb_column][\/et_pb_row][\/et_pb_section][et_pb_section fb_built=\u00a0\u00bb1&Prime; admin_label=\u00a0\u00bbOur Story Section\u00a0\u00bb _builder_version=\u00a0\u00bb3.22&Prime; background_color=\u00a0\u00bb#efe9e4&Prime; background_color_gradient_direction=\u00a0\u00bb0deg\u00a0\u00bb custom_padding=\u00a0\u00bb0px||0px|\u00a0\u00bb][et_pb_row column_structure=\u00a0\u00bb1_2,1_2&Prime; use_custom_gutter=\u00a0\u00bbon\u00a0\u00bb gutter_width=\u00a0\u00bb0&Prime; make_equal=\u00a0\u00bbon\u00a0\u00bb admin_label=\u00a0\u00bbOur Story Area\u00a0\u00bb module_class=\u00a0\u00bb et_pb_row_fullwidth\u00a0\u00bb _builder_version=\u00a0\u00bb3.25&Prime; background_color=\u00a0\u00bb#1e1d1c\u00a0\u00bb width=\u00a0\u00bb100%\u00a0\u00bb width_tablet=\u00a0\u00bb100%\u00a0\u00bb width_phone=\u00a0\u00bb\u00a0\u00bb width_last_edited=\u00a0\u00bbon|desktop\u00a0\u00bb max_width=\u00a0\u00bb100%\u00a0\u00bb max_width_tablet=\u00a0\u00bb100%\u00a0\u00bb max_width_phone=\u00a0\u00bb\u00a0\u00bb max_width_last_edited=\u00a0\u00bbon|desktop\u00a0\u00bb custom_padding=\u00a0\u00bb0px||40px|\u00a0\u00bb make_fullwidth=\u00a0\u00bbon\u00a0\u00bb][et_pb_column type=\u00a0\u00bb1_2&Prime; _builder_version=\u00a0\u00bb3.25&Prime; custom_padding=\u00a0\u00bb|||\u00a0\u00bb custom_padding__hover=\u00a0\u00bb|||\u00a0\u00bb][et_pb_image src=\u00a0\u00bbhttp:\/\/motoclub-glenac.com\/wp-content\/uploads\/2022\/01\/AFFICHE-2022-03-27-R-1.png\u00a0\u00bb title_text=\u00a0\u00bbAFFICHE 2022 03 27 &#8211; R\u00a0\u00bb align_tablet=\u00a0\u00bbcenter\u00a0\u00bb align_phone=\u00a0\u00bb\u00a0\u00bb align_last_edited=\u00a0\u00bbon|desktop\u00a0\u00bb _builder_version=\u00a0\u00bb4.9.1&Prime; max_width=\u00a0\u00bb85%\u00a0\u00bb module_alignment=\u00a0\u00bbcenter\u00a0\u00bb min_height=\u00a0\u00bb262px\u00a0\u00bb custom_margin=\u00a0\u00bb2px||||false|false\u00a0\u00bb][\/et_pb_image][et_pb_video src_webm=\u00a0\u00bbhttp:\/\/motoclub-glenac.com\/wp-content\/uploads\/2022\/01\/Teaser-2022-Facebook-1280x720p.mp4&Prime; _builder_version=\u00a0\u00bb4.9.1&Prime; width=\u00a0\u00bb85%\u00a0\u00bb custom_margin=\u00a0\u00bb22px|||49px|false|false\u00a0\u00bb locked=\u00a0\u00bboff\u00a0\u00bb][\/et_pb_video][\/et_pb_column][et_pb_column type=\u00a0\u00bb1_2&Prime; _builder_version=\u00a0\u00bb4.9.1&Prime; _module_preset=\u00a0\u00bbdefault\u00a0\u00bb][et_pb_text admin_label=\u00a0\u00bbTitle\u00a0\u00bb _builder_version=\u00a0\u00bb4.9.1&Prime; text_font=\u00a0\u00bb||||||||\u00a0\u00bb header_font=\u00a0\u00bb||||||||\u00a0\u00bb header_2_font=\u00a0\u00bbPoppins|600|||||||\u00a0\u00bb header_2_font_size=\u00a0\u00bb36px\u00a0\u00bb header_2_line_height=\u00a0\u00bb1.2em\u00a0\u00bb background_layout=\u00a0\u00bbdark\u00a0\u00bb max_width=\u00a0\u00bb750px\u00a0\u00bb custom_padding=\u00a0\u00bb||0px|||\u00a0\u00bb animation_style=\u00a0\u00bbfold\u00a0\u00bb animation_direction=\u00a0\u00bbleft\u00a0\u00bb animation_intensity_fold=\u00a0\u00bb10%\u00a0\u00bb animation_starting_opacity=\u00a0\u00bb100%\u00a0\u00bb]<\/p>\n<h4 style=\"text-align: center;\"><\/h4>\n<h4 style=\"text-align: center;\">Le Pr\u00e9sident du MC Gl\u00e9nac, Guy NAEL<\/h4>\n<p>[\/et_pb_text][et_pb_divider color=\u00a0\u00bb#fdb467&Prime; divider_position=\u00a0\u00bbcenter\u00a0\u00bb divider_weight=\u00a0\u00bb3px\u00a0\u00bb _builder_version=\u00a0\u00bb3.2&Prime; max_width=\u00a0\u00bb50px\u00a0\u00bb module_alignment=\u00a0\u00bbcenter\u00a0\u00bb custom_margin=\u00a0\u00bb|||\u00a0\u00bb animation_style=\u00a0\u00bbslide\u00a0\u00bb animation_direction=\u00a0\u00bbtop\u00a0\u00bb animation_intensity_slide=\u00a0\u00bb10%\u00a0\u00bb animation_starting_opacity=\u00a0\u00bb100%\u00a0\u00bb][\/et_pb_divider][et_pb_text _builder_version=\u00a0\u00bb4.9.1&Prime; text_font=\u00a0\u00bbPoppins||||||||\u00a0\u00bb text_text_color=\u00a0\u00bbrgba(255,255,255,0.7)\u00a0\u00bb text_font_size=\u00a0\u00bb18px\u00a0\u00bb text_line_height=\u00a0\u00bb1.8em\u00a0\u00bb width=\u00a0\u00bb92%\u00a0\u00bb max_width=\u00a0\u00bb750px\u00a0\u00bb custom_margin=\u00a0\u00bb25px|||\u00a0\u00bb animation_style=\u00a0\u00bbfold\u00a0\u00bb animation_direction=\u00a0\u00bbleft\u00a0\u00bb animation_intensity_fold=\u00a0\u00bb10%\u00a0\u00bb animation_starting_opacity=\u00a0\u00bb100%\u00a0\u00bb]<\/p>\n<p>Bonjour \u00e0 toutes et \u00e0 tous,<\/p>\n<p>C\u2019est toujours un grand plaisir de vous retrouver sur notre circuit de Branf\u00e9r\u00e9 \u00e0 Gl\u00e9nac.<\/p>\n<p>Pas de contrainte sanitaire cette ann\u00e9e. \u00c7a fait du bien de pouvoir tous vous accueillir sans \u00eatre oblig\u00e9 de faire des contr\u00f4les aux entr\u00e9es. A ce sujet, je tiens \u00e0 remercier une nouvelle fois les gens qui se sont vus interdire l\u2019entr\u00e9e en ao\u00fbt et qui ont parfaitement compris notre position. Ce fut tout de m\u00eame une belle \u00e9dition avec certes un public r\u00e9duit mais fervent.<\/p>\n<p>Esp\u00e9rons une belle journ\u00e9e, que tout le monde prenne \u00e0 nouveau du plaisir \u00e0 se retrouver autour de notre passion, tant sur la piste qu\u2019autour.<\/p>\n<p>Merci \u00e0 tous les b\u00e9n\u00e9voles qui ont pr\u00e9par\u00e9 ce circuit, au soutien de nos partenaires, sans oublier la R\u00e9gion, le D\u00e9partement, la Communaut\u00e9 de Communes et la Mairie de La Gacilly ainsi que les propri\u00e9taires qui mettent leurs terrains \u00e0 disposition.<\/p>\n<p>Je vous souhaite de passer une agr\u00e9able journ\u00e9e.<\/p>\n<p><strong><\/strong><\/p>\n<p>[\/et_pb_text][\/et_pb_column][\/et_pb_row][\/et_pb_section][et_pb_section fb_built=\u00a0\u00bb1&Prime; admin_label=\u00a0\u00bbOur Story Section\u00a0\u00bb _builder_version=\u00a0\u00bb3.22&Prime; background_color=\u00a0\u00bb#efe9e4&Prime; background_color_gradient_direction=\u00a0\u00bb0deg\u00a0\u00bb custom_padding=\u00a0\u00bb0px||0px|\u00a0\u00bb][et_pb_row column_structure=\u00a0\u00bb1_2,1_2&Prime; use_custom_gutter=\u00a0\u00bbon\u00a0\u00bb gutter_width=\u00a0\u00bb0&Prime; make_equal=\u00a0\u00bbon\u00a0\u00bb admin_label=\u00a0\u00bbOur Story Area\u00a0\u00bb module_class=\u00a0\u00bb et_pb_row_fullwidth\u00a0\u00bb _builder_version=\u00a0\u00bb3.25&Prime; background_color=\u00a0\u00bb#1e1d1c\u00a0\u00bb width=\u00a0\u00bb100%\u00a0\u00bb width_tablet=\u00a0\u00bb100%\u00a0\u00bb width_phone=\u00a0\u00bb\u00a0\u00bb width_last_edited=\u00a0\u00bbon|desktop\u00a0\u00bb max_width=\u00a0\u00bb100%\u00a0\u00bb max_width_tablet=\u00a0\u00bb100%\u00a0\u00bb max_width_phone=\u00a0\u00bb\u00a0\u00bb max_width_last_edited=\u00a0\u00bbon|desktop\u00a0\u00bb custom_padding=\u00a0\u00bb11px||0px|\u00a0\u00bb make_fullwidth=\u00a0\u00bbon\u00a0\u00bb][et_pb_column type=\u00a0\u00bb1_2&Prime; _builder_version=\u00a0\u00bb3.25&Prime; custom_padding=\u00a0\u00bb5%|5%|5%|5%\u00a0\u00bb custom_padding__hover=\u00a0\u00bb|||\u00a0\u00bb][et_pb_text admin_label=\u00a0\u00bbTitle\u00a0\u00bb _builder_version=\u00a0\u00bb4.9.1&Prime; text_font=\u00a0\u00bb||||||||\u00a0\u00bb header_font=\u00a0\u00bb||||||||\u00a0\u00bb header_2_font=\u00a0\u00bbPoppins|600|||||||\u00a0\u00bb header_2_font_size=\u00a0\u00bb36px\u00a0\u00bb header_2_line_height=\u00a0\u00bb1.2em\u00a0\u00bb background_layout=\u00a0\u00bbdark\u00a0\u00bb max_width=\u00a0\u00bb750px\u00a0\u00bb animation_style=\u00a0\u00bbfold\u00a0\u00bb animation_direction=\u00a0\u00bbleft\u00a0\u00bb animation_intensity_fold=\u00a0\u00bb10%\u00a0\u00bb animation_starting_opacity=\u00a0\u00bb100%\u00a0\u00bb]<\/p>\n<h2 style=\"text-align: center;\">La journ\u00e9e en images<\/h2>\n<p>[\/et_pb_text][et_pb_divider color=\u00a0\u00bb#fdb467&Prime; divider_position=\u00a0\u00bbcenter\u00a0\u00bb divider_weight=\u00a0\u00bb3px\u00a0\u00bb _builder_version=\u00a0\u00bb3.2&Prime; max_width=\u00a0\u00bb50px\u00a0\u00bb module_alignment=\u00a0\u00bbcenter\u00a0\u00bb custom_margin=\u00a0\u00bb|||\u00a0\u00bb animation_style=\u00a0\u00bbslide\u00a0\u00bb animation_direction=\u00a0\u00bbtop\u00a0\u00bb animation_intensity_slide=\u00a0\u00bb10%\u00a0\u00bb animation_starting_opacity=\u00a0\u00bb100%\u00a0\u00bb][\/et_pb_divider][et_pb_text _builder_version=\u00a0\u00bb4.9.1&Prime; text_font=\u00a0\u00bbPoppins||||||||\u00a0\u00bb text_text_color=\u00a0\u00bbrgba(255,255,255,0.7)\u00a0\u00bb text_font_size=\u00a0\u00bb18px\u00a0\u00bb text_line_height=\u00a0\u00bb1.8em\u00a0\u00bb max_width=\u00a0\u00bb750px\u00a0\u00bb custom_margin=\u00a0\u00bb25px|||\u00a0\u00bb animation_style=\u00a0\u00bbfold\u00a0\u00bb animation_direction=\u00a0\u00bbleft\u00a0\u00bb animation_intensity_fold=\u00a0\u00bb10%\u00a0\u00bb animation_starting_opacity=\u00a0\u00bb100%\u00a0\u00bb]<\/p>\n<p>En 450 cm3, le Bretillien Charles Lefran\u00e7ois, qui s&rsquo;\u00e9tait r\u00e9cemment\u00a0 frott\u00e9 \u00e0 l&rsquo;\u00e9lite mondiale, s&rsquo;est offert les deux manches. Sur chacune d &lsquo;elles il a creus\u00e9 l&rsquo;\u00e9cart d&rsquo;entr\u00e9e de jeu.<\/p>\n<p>En 250 cm3, le costarmoricain Fran\u00e7ois Dor\u00e9 a lui aussi fait coup double sur les deux manches. Il remporte l&rsquo;\u00e9preuve et se pose en candidat \u00e0 la victoire finale sur l&rsquo;ensemble de la sai\u00adson.<\/p>\n<p>Dans le Troph\u00e9e-club Jean Gorin, il s&rsquo;agissait de la 20\u00b0 \u00e9dition de l&rsquo;\u00e9preu\u00adve qui a rassembl\u00e9 45 pilotes locaux. \u00c0 l&rsquo;issue des trois manches, la victoire est revenue \u00e0 Killian Th\u00e9tiot. Les deux pilotes gl\u00e9nacois S\u00e9bastien Porcher et Travis Ma\u00eetre terminent 4\u00e8me et 5 \u00e8me.<\/p>\n<p><strong><\/strong><strong><\/strong><\/p>\n<p>[\/et_pb_text][\/et_pb_column][et_pb_column type=\u00a0\u00bb1_2&Prime; _builder_version=\u00a0\u00bb3.25&Prime; custom_padding=\u00a0\u00bb|||\u00a0\u00bb custom_padding__hover=\u00a0\u00bb|||\u00a0\u00bb][et_pb_video src_webm=\u00a0\u00bbhttp:\/\/motoclub-glenac.com\/wp-content\/uploads\/2022\/03\/Terrassement-du-05-03-2022-.mp4&Prime; image_src=\u00a0\u00bbhttp:\/\/motoclub-glenac.com\/wp-content\/uploads\/2022\/03\/20220305_110031-scaled.jpg\u00a0\u00bb _builder_version=\u00a0\u00bb4.9.1&Prime; locked=\u00a0\u00bboff\u00a0\u00bb][\/et_pb_video][et_pb_video src_webm=\u00a0\u00bbhttp:\/\/motoclub-glenac.com\/wp-content\/uploads\/2022\/03\/Preparation-a-une-semaine-site.mp4&Prime; image_src=\u00a0\u00bbhttp:\/\/motoclub-glenac.com\/wp-content\/uploads\/2022\/03\/2022-03-19-Ligne-de-depart.png\u00a0\u00bb _builder_version=\u00a0\u00bb4.9.1&Prime; locked=\u00a0\u00bboff\u00a0\u00bb][\/et_pb_video][\/et_pb_column][\/et_pb_row][\/et_pb_section][et_pb_section fb_built=\u00a0\u00bb1&Prime; admin_label=\u00a0\u00bbDivider Section\u00a0\u00bb _builder_version=\u00a0\u00bb3.22&Prime; background_color=\u00a0\u00bb#1e1d1c\u00a0\u00bb custom_padding=\u00a0\u00bb0px||0px|\u00a0\u00bb][\/et_pb_section][et_pb_section fb_built=\u00a0\u00bb1&Prime; admin_label=\u00a0\u00bbGallery Section\u00a0\u00bb _builder_version=\u00a0\u00bb3.22&Prime; custom_padding=\u00a0\u00bb22px|0px|0px|0px||\u00a0\u00bb][et_pb_row column_structure=\u00a0\u00bb1_3,1_3,1_3&Prime; use_custom_gutter=\u00a0\u00bbon\u00a0\u00bb gutter_width=\u00a0\u00bb2&Prime; _builder_version=\u00a0\u00bb3.25&Prime; max_width=\u00a0\u00bb1440px\u00a0\u00bb custom_padding=\u00a0\u00bb||11px|||\u00a0\u00bb use_custom_width=\u00a0\u00bbon\u00a0\u00bb custom_width_px=\u00a0\u00bb1440px\u00a0\u00bb][et_pb_column type=\u00a0\u00bb1_3&Prime; _builder_version=\u00a0\u00bb4.3.2&Prime;][et_pb_gallery gallery_ids=\u00a0\u00bb2357,2356,2355,2354,2353,2352,2351,2350,2349,2348,2347,2346,2345,2344,2343,2342,2341&Prime; posts_number=\u00a0\u00bb1&Prime; show_pagination=\u00a0\u00bboff\u00a0\u00bb hover_icon=\u00a0\u00bb%%100%%\u00a0\u00bb admin_label=\u00a0\u00bbLes Podiums\u00a0\u00bb _builder_version=\u00a0\u00bb4.3.2&Prime; custom_padding=\u00a0\u00bb||4px|||\u00a0\u00bb animation_style=\u00a0\u00bbzoom\u00a0\u00bb][\/et_pb_gallery][et_pb_gallery gallery_ids=\u00a0\u00bb9323,9550&Prime; posts_number=\u00a0\u00bb1&Prime; show_pagination=\u00a0\u00bboff\u00a0\u00bb hover_icon=\u00a0\u00bb%%100%%\u00a0\u00bb _builder_version=\u00a0\u00bb4.9.1&Prime; text_orientation=\u00a0\u00bbcenter\u00a0\u00bb][\/et_pb_gallery][\/et_pb_column][et_pb_column type=\u00a0\u00bb1_3&Prime; _builder_version=\u00a0\u00bb4.9.1&Prime; _module_preset=\u00a0\u00bbdefault\u00a0\u00bb][et_pb_gallery gallery_ids=\u00a0\u00bb9537,9542,9552&Prime; posts_number=\u00a0\u00bb1&Prime; show_pagination=\u00a0\u00bboff\u00a0\u00bb hover_icon=\u00a0\u00bb%%100%%\u00a0\u00bb _builder_version=\u00a0\u00bb4.9.1&Prime; text_orientation=\u00a0\u00bbcenter\u00a0\u00bb][\/et_pb_gallery][\/et_pb_column][et_pb_column type=\u00a0\u00bb1_3&Prime; _builder_version=\u00a0\u00bb4.9.1&Prime; _module_preset=\u00a0\u00bbdefault\u00a0\u00bb][et_pb_gallery gallery_ids=\u00a0\u00bb9547,9548&Prime; posts_number=\u00a0\u00bb1&Prime; show_pagination=\u00a0\u00bboff\u00a0\u00bb hover_icon=\u00a0\u00bb%%100%%\u00a0\u00bb _builder_version=\u00a0\u00bb4.9.1&Prime; text_orientation=\u00a0\u00bbcenter\u00a0\u00bb][\/et_pb_gallery][\/et_pb_column][\/et_pb_row][et_pb_row use_custom_gutter=\u00a0\u00bbon\u00a0\u00bb gutter_width=\u00a0\u00bb2&Prime; _builder_version=\u00a0\u00bb3.25&Prime; max_width=\u00a0\u00bb1440px\u00a0\u00bb custom_padding=\u00a0\u00bb||11px|||\u00a0\u00bb use_custom_width=\u00a0\u00bbon\u00a0\u00bb custom_width_px=\u00a0\u00bb1440px\u00a0\u00bb][et_pb_column type=\u00a0\u00bb4_4&Prime; _builder_version=\u00a0\u00bb4.3.2&Prime;][et_pb_gallery gallery_ids=\u00a0\u00bb2357,2356,2355,2354,2353,2352,2351,2350,2349,2348,2347,2346,2345,2344,2343,2342,2341&Prime; posts_number=\u00a0\u00bb1&Prime; show_pagination=\u00a0\u00bboff\u00a0\u00bb hover_icon=\u00a0\u00bb%%100%%\u00a0\u00bb admin_label=\u00a0\u00bbLes Podiums\u00a0\u00bb _builder_version=\u00a0\u00bb4.3.2&Prime; custom_padding=\u00a0\u00bb||4px|||\u00a0\u00bb animation_style=\u00a0\u00bbzoom\u00a0\u00bb][\/et_pb_gallery][et_pb_gallery gallery_ids=\u00a0\u00bb9325,9324,9570,9571&Prime; show_pagination=\u00a0\u00bboff\u00a0\u00bb hover_icon=\u00a0\u00bb%%100%%\u00a0\u00bb _builder_version=\u00a0\u00bb4.9.1&Prime; text_orientation=\u00a0\u00bbcenter\u00a0\u00bb hover_enabled=\u00a0\u00bb0&Prime; sticky_enabled=\u00a0\u00bb0&Prime;][\/et_pb_gallery][\/et_pb_column][\/et_pb_row][et_pb_row _builder_version=\u00a0\u00bb3.25&Prime;][et_pb_column type=\u00a0\u00bb4_4&Prime; _builder_version=\u00a0\u00bb3.25&Prime; custom_padding=\u00a0\u00bb|||\u00a0\u00bb custom_padding__hover=\u00a0\u00bb|||\u00a0\u00bb][et_pb_button button_url=\u00a0\u00bbhttps:\/\/www.facebook.com\/Moto-club-gl%C3%A9nac-165660993445703\/\u00a0\u00bb url_new_window=\u00a0\u00bbon\u00a0\u00bb button_text=\u00a0\u00bbvoir plus \u00a0\u00bb button_alignment=\u00a0\u00bbcenter\u00a0\u00bb _builder_version=\u00a0\u00bb3.16&Prime; custom_button=\u00a0\u00bbon\u00a0\u00bb button_text_size=\u00a0\u00bb15px\u00a0\u00bb button_text_color=\u00a0\u00bb#ffffff\u00a0\u00bb button_bg_color=\u00a0\u00bb#dca47d\u00a0\u00bb button_border_width=\u00a0\u00bb10px\u00a0\u00bb button_border_color=\u00a0\u00bb#dca47d\u00a0\u00bb button_border_radius=\u00a0\u00bb0px\u00a0\u00bb button_letter_spacing=\u00a0\u00bb3px\u00a0\u00bb button_font=\u00a0\u00bbOswald|||on|\u00a0\u00bb button_use_icon=\u00a0\u00bboff\u00a0\u00bb custom_margin=\u00a0\u00bb|||\u00a0\u00bb custom_padding=\u00a0\u00bb|||\u00a0\u00bb animation_style=\u00a0\u00bbfade\u00a0\u00bb animation_delay=\u00a0\u00bb400ms\u00a0\u00bb button_border_color_hover=\u00a0\u00bb#c99872&Prime; button_border_radius_hover=\u00a0\u00bb0px\u00a0\u00bb button_letter_spacing_hover=\u00a0\u00bb3px\u00a0\u00bb button_bg_color_hover=\u00a0\u00bb#c99872&Prime; locked=\u00a0\u00bboff\u00a0\u00bb button_text_size__hover_enabled=\u00a0\u00bboff\u00a0\u00bb button_one_text_size__hover_enabled=\u00a0\u00bboff\u00a0\u00bb button_two_text_size__hover_enabled=\u00a0\u00bboff\u00a0\u00bb button_text_color__hover_enabled=\u00a0\u00bboff\u00a0\u00bb button_one_text_color__hover_enabled=\u00a0\u00bboff\u00a0\u00bb button_two_text_color__hover_enabled=\u00a0\u00bboff\u00a0\u00bb button_border_width__hover_enabled=\u00a0\u00bboff\u00a0\u00bb button_one_border_width__hover_enabled=\u00a0\u00bboff\u00a0\u00bb button_two_border_width__hover_enabled=\u00a0\u00bboff\u00a0\u00bb button_border_color__hover_enabled=\u00a0\u00bbon\u00a0\u00bb button_border_color__hover=\u00a0\u00bb#c99872&Prime; button_one_border_color__hover_enabled=\u00a0\u00bboff\u00a0\u00bb button_two_border_color__hover_enabled=\u00a0\u00bboff\u00a0\u00bb button_border_radius__hover_enabled=\u00a0\u00bbon\u00a0\u00bb button_border_radius__hover=\u00a0\u00bb0px\u00a0\u00bb button_one_border_radius__hover_enabled=\u00a0\u00bboff\u00a0\u00bb button_two_border_radius__hover_enabled=\u00a0\u00bboff\u00a0\u00bb button_letter_spacing__hover_enabled=\u00a0\u00bbon\u00a0\u00bb button_letter_spacing__hover=\u00a0\u00bb3px\u00a0\u00bb button_one_letter_spacing__hover_enabled=\u00a0\u00bboff\u00a0\u00bb button_two_letter_spacing__hover_enabled=\u00a0\u00bboff\u00a0\u00bb button_bg_color__hover_enabled=\u00a0\u00bbon\u00a0\u00bb button_bg_color__hover=\u00a0\u00bb#c99872&Prime; button_one_bg_color__hover_enabled=\u00a0\u00bboff\u00a0\u00bb button_two_bg_color__hover_enabled=\u00a0\u00bboff\u00a0\u00bb][\/et_pb_button][\/et_pb_column][\/et_pb_row][\/et_pb_section]<\/p>\n","protected":false},"excerpt":{"rendered":"<p>27 mars 2022 23 et 24 \u00e8me Championnat de France sur le circuit de Branf\u00e9r\u00e9 \u00e0 Gl\u00e9nacMOTOCROSS\u00a0 GL\u00c9NAC 27 mars 2022Le Championnat de France 450, machine de classe 3, 450cc 4 temps ou 250cc 2 temps, en 2 manches de 25 minutes plus 1 tour. Le Championnat de France 250, machine de classe 2, 250cc [&hellip;]<\/p>\n","protected":false},"author":1,"featured_media":0,"parent":9298,"menu_order":0,"comment_status":"closed","ping_status":"closed","template":"","meta":{"_et_pb_use_builder":"on","_et_pb_old_content":"","_et_gb_content_width":""},"_links":{"self":[{"href":"http:\/\/motoclub-glenac.com\/index.php?rest_route=\/wp\/v2\/pages\/9310"}],"collection":[{"href":"http:\/\/motoclub-glenac.com\/index.php?rest_route=\/wp\/v2\/pages"}],"about":[{"href":"http:\/\/motoclub-glenac.com\/index.php?rest_route=\/wp\/v2\/types\/page"}],"author":[{"embeddable":true,"href":"http:\/\/motoclub-glenac.com\/index.php?rest_route=\/wp\/v2\/users\/1"}],"replies":[{"embeddable":true,"href":"http:\/\/motoclub-glenac.com\/index.php?rest_route=%2Fwp%2Fv2%2Fcomments&post=9310"}],"version-history":[{"count":27,"href":"http:\/\/motoclub-glenac.com\/index.php?rest_route=\/wp\/v2\/pages\/9310\/revisions"}],"predecessor-version":[{"id":9573,"href":"http:\/\/motoclub-glenac.com\/index.php?rest_route=\/wp\/v2\/pages\/9310\/revisions\/9573"}],"up":[{"embeddable":true,"href":"http:\/\/motoclub-glenac.com\/index.php?rest_route=\/wp\/v2\/pages\/9298"}],"wp:attachment":[{"href":"http:\/\/motoclub-glenac.com\/index.php?rest_route=%2Fwp%2Fv2%2Fmedia&parent=9310"}],"curies":[{"name":"wp","href":"https:\/\/api.w.org\/{rel}","templated":true}]}}